{"id":902,"date":"2020-07-13T11:30:25","date_gmt":"2020-07-13T09:30:25","guid":{"rendered":"https:\/\/www.wearelive.de\/?page_id=902"},"modified":"2023-01-18T12:09:14","modified_gmt":"2023-01-18T11:09:14","slug":"startseite","status":"publish","type":"page","link":"http:\/\/kunstcalle.com\/dk\/","title":{"rendered":"Hjemmeside"},"content":{"rendered":"<p>[et_pb_section fb_built=&#8220;1&#8243; custom_padding_last_edited=&#8220;off|desktop&#8220; admin_label=&#8220;Header&#8220; _builder_version=&#8220;4.5.6&#8243; use_background_color_gradient=&#8220;on&#8220; background_color_gradient_start=&#8220;#ffffff&#8220; background_color_gradient_end=&#8220;#e9e7e8&#8243; background_color_gradient_direction=&#8220;90deg&#8220; background_color_gradient_start_position=&#8220;50%&#8220; background_color_gradient_end_position=&#8220;50%&#8220; background_image=&#8220;http:\/\/kunstcalle.com\/wp-content\/uploads\/2020\/07\/art-gallery-60-1.png&#8220; parallax=&#8220;on&#8220; width=&#8220;100%&#8220; max_width=&#8220;100%&#8220; max_width_tablet=&#8220;&#8220; max_width_phone=&#8220;&#8220; max_width_last_edited=&#8220;on|desktop&#8220; custom_padding=&#8220;12vw||12vw||true|&#8220; custom_padding_tablet=&#8220;5vw||5vw||true&#8220; background_last_edited=&#8220;on|phone&#8220; use_background_color_gradient_tablet=&#8220;on&#8220; use_background_color_gradient_phone=&#8220;on&#8220; background_color_gradient_start_tablet=&#8220;#efefef&#8220; background_color_gradient_start_position_tablet=&#8220;73%&#8220; background_color_gradient_start_position_phone=&#8220;100%&#8220; background_position_tablet=&#8220;top_left&#8220; locked=&#8220;off&#8220;][et_pb_row _builder_version=&#8220;4.5.6&#8243; use_custom_width=&#8220;on&#8220; width_unit=&#8220;off&#8220; custom_width_percent=&#8220;100%&#8220; locked=&#8220;off&#8220;][et_pb_column type=&#8220;4_4&#8243; _builder_version=&#8220;3.25&#8243; custom_padding=&#8220;|||&#8220; custom_padding__hover=&#8220;|||&#8220;][et_pb_text _builder_version=&#8220;4.5.6&#8243; text_font=&#8220;||||||||&#8220; header_font=&#8220;Prata||||||||&#8220; header_text_align=&#8220;center&#8220; header_text_color=&#8220;#333333&#8243; header_font_size=&#8220;150px&#8220; header_2_font=&#8220;|700||on|||||&#8220; header_2_text_align=&#8220;left&#8220; header_2_text_color=&#8220;rgba(0,0,0,0.28)&#8220; header_2_font_size=&#8220;14px&#8220; header_2_letter_spacing=&#8220;5px&#8220; header_2_line_height=&#8220;2em&#8220; transform_translate_linked=&#8220;off&#8220; max_width=&#8220;100%&#8220; max_width_tablet=&#8220;70%&#8220; max_width_last_edited=&#8220;off|phone&#8220; header_font_size_tablet=&#8220;80px&#8220; header_font_size_phone=&#8220;50px&#8220; header_font_size_last_edited=&#8220;on|phone&#8220;]<\/p>\n<h2>Gallerie\u00a0<\/h2>\n<p>[\/et_pb_text][et_pb_text _builder_version=&#8220;4.5.6&#8243; text_font=&#8220;||||||||&#8220; header_font=&#8220;Prata||||||||&#8220; header_text_align=&#8220;left&#8220; header_text_color=&#8220;#333333&#8243; header_font_size=&#8220;33px&#8220; header_2_font=&#8220;|500||on|||||&#8220; header_2_font_size=&#8220;10px&#8220; header_2_letter_spacing=&#8220;5px&#8220; header_2_line_height=&#8220;2em&#8220; transform_translate_linked=&#8220;off&#8220; max_width=&#8220;100%&#8220; max_width_tablet=&#8220;70%&#8220; max_width_last_edited=&#8220;off|phone&#8220; header_font_size_tablet=&#8220;80px&#8220; header_font_size_phone=&#8220;50px&#8220; header_font_size_last_edited=&#8220;on|phone&#8220;]<\/p>\n<h1>CALLE R\u00d8NNOW<\/h1>\n<p>[\/et_pb_text][\/et_pb_column][\/et_pb_row][et_pb_row use_custom_gutter=&#8220;on&#8220; gutter_width=&#8220;1&#8243; make_equal=&#8220;on&#8220; _builder_version=&#8220;4.4.4&#8243; locked=&#8220;off&#8220;][et_pb_column type=&#8220;4_4&#8243; _builder_version=&#8220;3.25&#8243; custom_padding=&#8220;|||&#8220; custom_padding__hover=&#8220;|||&#8220;][\/et_pb_column][\/et_pb_row][\/et_pb_section][et_pb_section fb_built=&#8220;1&#8243; admin_label=&#8220;Work&#8220; _builder_version=&#8220;4.5.6&#8243; background_enable_image=&#8220;off&#8220; background_size=&#8220;initial&#8220; background_repeat=&#8220;repeat&#8220; custom_padding=&#8220;64px||2px|||&#8220;][et_pb_row custom_padding_last_edited=&#8220;off|phone&#8220; _builder_version=&#8220;4.5.6&#8243; background_position=&#8220;bottom_center&#8220; custom_padding=&#8220;0px|||||&#8220; custom_padding_tablet=&#8220;17vw||17vw||false&#8220; use_custom_width=&#8220;on&#8220; width_unit=&#8220;off&#8220; custom_width_percent=&#8220;100%&#8220; locked=&#8220;off&#8220;][et_pb_column type=&#8220;4_4&#8243; _builder_version=&#8220;4.5.6&#8243; custom_padding=&#8220;|||&#8220; custom_padding__hover=&#8220;|||&#8220;][et_pb_image src=&#8220;http:\/\/kunstcalle.com\/wp-content\/uploads\/2021\/03\/IMG-20210219-WA0001.jpg&#8220; title_text=&#8220;IMG-20210219-WA0001&#8243; align=&#8220;center&#8220; _builder_version=&#8220;4.5.6&#8243; width=&#8220;28%&#8220; width_tablet=&#8220;&#8220; width_phone=&#8220;55%&#8220; width_last_edited=&#8220;on|phone&#8220; border_width_all=&#8220;20px&#8220; border_color_all=&#8220;#ffffff&#8220; border_width_all_last_edited=&#8220;off|desktop&#8220; box_shadow_style=&#8220;preset4&#8243; box_shadow_horizontal=&#8220;0px&#8220; box_shadow_vertical=&#8220;0px&#8220; box_shadow_spread=&#8220;1px&#8220; box_shadow_color=&#8220;rgba(0,0,0,0.34)&#8220; box_shadow_color__hover_enabled=&#8220;on&#8220; box_shadow_color__hover=&#8220;#000000&#8243; border_width_all__hover=&#8220;30px&#8220; border_width_all__hover_enabled=&#8220;on&#8220;][\/et_pb_image][et_pb_text module_id=&#8220;Kuenstler&#8220; _builder_version=&#8220;4.5.6&#8243; text_font=&#8220;||||||||&#8220; header_font=&#8220;||||||||&#8220; header_2_font=&#8220;Prata|500|||||||&#8220; header_2_text_align=&#8220;center&#8220; header_2_text_color=&#8220;rgba(0,0,0,0.59)&#8220; header_2_font_size=&#8220;40px&#8220; header_2_line_height=&#8220;1.3em&#8220; header_3_font=&#8220;|700||on|||||&#8220; header_3_text_align=&#8220;center&#8220; header_3_text_color=&#8220;#000000&#8243; header_3_font_size=&#8220;12px&#8220; header_3_letter_spacing=&#8220;5px&#8220; header_3_line_height=&#8220;2em&#8220; transform_translate_linked=&#8220;off&#8220; max_width=&#8220;700px&#8220; max_width_tablet=&#8220;70%&#8220; max_width_last_edited=&#8220;off|phone&#8220; module_alignment=&#8220;center&#8220; custom_margin=&#8220;||3px|||&#8220; header_2_font_size_tablet=&#8220;40px&#8220; header_2_font_size_phone=&#8220;26px&#8220; header_2_font_size_last_edited=&#8220;on|tablet&#8220; header_3_font_size_phone=&#8220;10px&#8220; header_3_font_size_last_edited=&#8220;off|desktop&#8220; module_alignment_last_edited=&#8220;off|desktop&#8220;]<\/p>\n<h2><span style=\"font-weight: 400;\">Kunstneren<\/span><\/h2>\n<p>[\/et_pb_text][et_pb_text _builder_version=&#8220;4.5.6&#8243; text_font=&#8220;Farsan||||||||&#8220; text_font_size=&#8220;22px&#8220; width=&#8220;58%&#8220; width_tablet=&#8220;&#8220; width_phone=&#8220;100%&#8220; width_last_edited=&#8220;on|phone&#8220; module_alignment=&#8220;center&#8220; custom_margin=&#8220;|-1px|19px|||&#8220; custom_padding=&#8220;|||4px||&#8220; hover_enabled=&#8220;0&#8243;]<\/p>\n<p><span><\/span><span>og hans tre s\u00f8skende voksede til at begynde med op i K\u00f8benhavn, n\u00e6rmere i bydelen Br\u00f8nsh\u00f8j, der ligger vest for det indre K\u00f8benhavn, hvor han kom til verden i 1940.<br \/><\/span><span>At v\u00e6re barn i disse tider var anstrengende.<\/span><br \/><span>Og for\u00a0<\/span><strong>faderen Novi<\/strong><span>, en smed med godt h\u00e5ndelag, der dengang ikke kunne vide, at han ville fremstille h\u00f8reapparater i slutningen af sit arbejdsliv, var det sv\u00e6rt at fors\u00f8rge hustru og b\u00f8rn. En del af Calles mormors familie levede allerede nogle \u00e5r i de Forenede Stater. I mangel af positive fremtidsudsigter og b\u00e5ret af h\u00e5bet om et bedre liv, pakkede ogs\u00e5 Calles for\u00e6ldre deres kufferter i 1951 og drog med deres b\u00f8rn mod vest.<br \/>Novi havde allerede i Danmark besk\u00e6ftiget sig med b\u00e5de anvendt p\u00e6dagogik og Rudolf Steiners p\u00e6dagogiske koncepter. Og derfor virker det ikke helt tilf\u00e6ldigt, at det i\u00a0<strong>Los Angeles<\/strong>\u00a0. Det Californske high school system blev jo dengang betragtet som det fremmeligste og mest liberale i de Forenede Stater. Blandt andet var det muligt for elever fra 9. klasse og opefter at tilv\u00e6lge et yderligere hovedfag til de obligatoriske uddannelsesfag, i hvilket man s\u00e5 blev undervist dagligt de resterende fire skole\u00e5r.<br \/><\/span><span>Calle R\u00f8nnow valgte fine arts \u2013 male og tegne.\u00a0<\/span><b>\u201dFor mig var disse timer en menneskelig oase i en intellektuel \u00f8rkenvandring\u201d.<\/b><span>.\u00a0<\/span><span>\u00d8nsket om at tage tilbage til Europa begyndte allerede dengang at tage form og skulle i de kommende \u00e5r tage til. I slutningen af 12. klasse (1958) fik han tilbudt et stipendium p\u00e5 Art School of Los Angeles. Calle takkede nej.\u00a0<\/span><span>Han begyndte at arbejde for at tjene penge til den store rejse, dog benyttede han sig af et halvt \u00e5rs intensiv kursus p\u00e5 en privatskole for malere i Hollywood, hvor\u00a0<\/span><b>\u201dl\u00e6rerne var teknisk meget dygtige. Alle havde de v\u00e6ret igennem Norman Rockwell-skolen, fotografisk perfekte, men ukunstneriske og opgaverne var kedelige\u201d.\u00a0<\/b><span>Da Calle R\u00f8nnow kom til Europa, tog han et et\u00e5rigt malerkursus i Schweiz fra 1961 til 1962 med et meget praktisk studie af Goethes farvel\u00e6re. Efter en uddannelse p\u00e5 l\u00e6reruddannelsen i Hannover begyndte han i 1969 at arbejde som l\u00e6rer i Aarhus, hvor han i mange \u00e5r underviste b\u00f8rn og voksne i maleri og tegning.<br \/>2022 d\u00f8de Calle R\u00f8nnow. Hans gravsted er p\u00e5 Vestre Kirkegaard i Aarhus.<\/span><\/p>\n<p>[\/et_pb_text][et_pb_image src=&#8220;http:\/\/kunstcalle.com\/wp-content\/uploads\/2020\/08\/Portra\u0308t.jpg&#8220; title_text=&#8220;Portra\u0308t&#8220; align=&#8220;center&#8220; _builder_version=&#8220;4.5.6&#8243; width=&#8220;28%&#8220; width_tablet=&#8220;&#8220; width_phone=&#8220;55%&#8220; width_last_edited=&#8220;on|phone&#8220; border_width_all=&#8220;20px&#8220; border_color_all=&#8220;#ffffff&#8220; border_width_all_last_edited=&#8220;off|desktop&#8220; box_shadow_style=&#8220;preset4&#8243; box_shadow_horizontal=&#8220;0px&#8220; box_shadow_vertical=&#8220;0px&#8220; box_shadow_spread=&#8220;1px&#8220; box_shadow_color=&#8220;rgba(0,0,0,0.34)&#8220; box_shadow_color__hover_enabled=&#8220;on&#8220; box_shadow_color__hover=&#8220;#000000&#8243; border_width_all__hover=&#8220;30px&#8220; border_width_all__hover_enabled=&#8220;on&#8220;][\/et_pb_image][\/et_pb_column][\/et_pb_row][\/et_pb_section][et_pb_section fb_built=&#8220;1&#8243; _builder_version=&#8220;4.5.6&#8243; _module_preset=&#8220;default&#8220; custom_padding=&#8220;0px||0px|||&#8220;][et_pb_row _builder_version=&#8220;4.5.6&#8243; _module_preset=&#8220;default&#8220; custom_padding=&#8220;||0px|||&#8220;][et_pb_column type=&#8220;4_4&#8243; _builder_version=&#8220;4.5.6&#8243; _module_preset=&#8220;default&#8220;][et_pb_text module_id=&#8220;bilder&#8220; _builder_version=&#8220;4.5.6&#8243; text_font=&#8220;||||||||&#8220; header_font=&#8220;||||||||&#8220; header_2_font=&#8220;Prata|500|||||||&#8220; header_2_text_align=&#8220;center&#8220; header_2_text_color=&#8220;rgba(0,0,0,0.59)&#8220; header_2_font_size=&#8220;40px&#8220; header_2_line_height=&#8220;1.3em&#8220; header_3_font=&#8220;|700||on|||||&#8220; header_3_text_align=&#8220;center&#8220; header_3_text_color=&#8220;#000000&#8243; header_3_font_size=&#8220;12px&#8220; header_3_letter_spacing=&#8220;5px&#8220; header_3_line_height=&#8220;2em&#8220; transform_translate_linked=&#8220;off&#8220; max_width=&#8220;700px&#8220; max_width_tablet=&#8220;70%&#8220; max_width_last_edited=&#8220;off|phone&#8220; module_alignment=&#8220;center&#8220; custom_margin=&#8220;||3px|||&#8220; header_2_font_size_tablet=&#8220;40px&#8220; header_2_font_size_phone=&#8220;26px&#8220; header_2_font_size_last_edited=&#8220;on|tablet&#8220; header_3_font_size_phone=&#8220;10px&#8220; header_3_font_size_last_edited=&#8220;off|desktop&#8220; module_alignment_last_edited=&#8220;off|desktop&#8220;]<\/p>\n<h2><span style=\"font-weight: 400;\">Billeder<\/span><\/h2>\n<p>[\/et_pb_text][\/et_pb_column][\/et_pb_row][\/et_pb_section][et_pb_section fb_built=&#8220;1&#8243; admin_label=&#8220;Work&#8220; _builder_version=&#8220;4.5.6&#8243; background_enable_image=&#8220;off&#8220; background_size=&#8220;initial&#8220; background_repeat=&#8220;repeat&#8220; custom_padding=&#8220;0px|||||&#8220;][et_pb_row column_structure=&#8220;1_3,1_3,1_3&#8243; _builder_version=&#8220;3.25&#8243;][et_pb_column type=&#8220;1_3&#8243; _builder_version=&#8220;3.25&#8243; custom_padding=&#8220;|||&#8220; custom_padding__hover=&#8220;|||&#8220;][et_pb_image src=&#8220;http:\/\/kunstcalle.com\/wp-content\/uploads\/2020\/07\/0100-60x50Zeit-Acryl-auf-Leinwandpappe-1-scaled-1.jpg&#8220; title_text=&#8220;qrf&#8220; show_in_lightbox=&#8220;on&#8220; align=&#8220;center&#8220; _builder_version=&#8220;4.5.6&#8243; border_width_all=&#8220;20px&#8220; border_color_all=&#8220;#ffffff&#8220; border_width_all_last_edited=&#8220;off|desktop&#8220; box_shadow_style=&#8220;preset4&#8243; box_shadow_horizontal=&#8220;0px&#8220; box_shadow_vertical=&#8220;0px&#8220; box_shadow_spread=&#8220;1px&#8220; box_shadow_color=&#8220;rgba(0,0,0,0.34)&#8220; box_shadow_color__hover=&#8220;#000000&#8243; box_shadow_color__hover_enabled=&#8220;on&#8220; border_width_all__hover_enabled=&#8220;on&#8220; border_width_all__hover=&#8220;30px&#8220;][\/et_pb_image][et_pb_text ul_position=&#8220;inside&#8220; _builder_version=&#8220;4.5.6&#8243; text_font=&#8220;||||||||&#8220; text_line_height=&#8220;0.6em&#8220; ul_font=&#8220;||||||||&#8220; header_font=&#8220;|700|||||||&#8220; header_font_size=&#8220;20px&#8220; header_line_height=&#8220;1.3em&#8220; header_3_font=&#8220;|700|||||||&#8220; header_3_font_size=&#8220;14px&#8220; header_3_line_height=&#8220;1.3em&#8220; text_orientation=&#8220;center&#8220; text_text_align=&#8220;center&#8220; locked=&#8220;off&#8220;]<\/p>\n<p style=\"text-align: left;\"><span style=\"color: #000000;\"><strong>\u201e tid\u201c<\/strong><\/span><\/p>\n<p style=\"text-align: right;\">Katalog-Nr. 01\/00<\/p>\n<p style=\"text-align: right;\">60\u00d750 \u2013 akryl p\u00e5 l\u00e6rredspap<\/p>\n<p>[\/et_pb_text][\/et_pb_column][et_pb_column type=&#8220;1_3&#8243; _builder_version=&#8220;3.25&#8243; custom_padding=&#8220;|||&#8220; custom_padding__hover=&#8220;|||&#8220;][et_pb_image src=&#8220;http:\/\/kunstcalle.com\/wp-content\/uploads\/2020\/07\/0205-30x40nat-i-syden-ALP-scaled-1.jpg&#8220; title_text=&#8220;02,05-30&#215;40,nat i syden, ALP&#8220; show_in_lightbox=&#8220;on&#8220; align=&#8220;center&#8220; _builder_version=&#8220;4.5.6&#8243; border_width_all=&#8220;20px&#8220; border_color_all=&#8220;#ffffff&#8220; border_width_all_last_edited=&#8220;off|desktop&#8220; box_shadow_style=&#8220;preset4&#8243; box_shadow_horizontal=&#8220;0px&#8220; box_shadow_vertical=&#8220;0px&#8220; box_shadow_spread=&#8220;1px&#8220; box_shadow_color=&#8220;rgba(0,0,0,0.34)&#8220; box_shadow_color__hover_enabled=&#8220;on&#8220; box_shadow_color__hover=&#8220;#000000&#8243; border_width_all__hover=&#8220;30px&#8220; border_width_all__hover_enabled=&#8220;on&#8220;][\/et_pb_image][et_pb_text ul_position=&#8220;inside&#8220; _builder_version=&#8220;4.5.6&#8243; text_font=&#8220;||||||||&#8220; text_line_height=&#8220;0.6em&#8220; ul_font=&#8220;||||||||&#8220; header_font=&#8220;|700|||||||&#8220; header_font_size=&#8220;20px&#8220; header_line_height=&#8220;1.3em&#8220; header_3_font=&#8220;|700|||||||&#8220; header_3_font_size=&#8220;14px&#8220; header_3_line_height=&#8220;1.3em&#8220; text_orientation=&#8220;center&#8220; text_text_align=&#8220;center&#8220; locked=&#8220;off&#8220;]<\/p>\n<p style=\"text-align: left;\"><span style=\"color: #000000;\"><strong>\u201enat i syden\u201c<\/strong><\/span><\/p>\n<p style=\"text-align: right;\">Katalog-Nr. 02\/05<\/p>\n<p style=\"text-align: right;\">30\u00d740 \u2013 akryl p\u00e5 l\u00e6rredspap<\/p>\n<p>[\/et_pb_text][\/et_pb_column][et_pb_column type=&#8220;1_3&#8243; _builder_version=&#8220;3.25&#8243; custom_padding=&#8220;|||&#8220; custom_padding__hover=&#8220;|||&#8220;][et_pb_image src=&#8220;http:\/\/kunstcalle.com\/wp-content\/uploads\/2020\/07\/0300-40x50Der-Mond-und-ichALP-scaled-1.jpg&#8220; title_text=&#8220;qrf&#8220; show_in_lightbox=&#8220;on&#8220; align=&#8220;center&#8220; _builder_version=&#8220;4.5.6&#8243; border_width_all=&#8220;20px&#8220; border_color_all=&#8220;#ffffff&#8220; border_width_all_last_edited=&#8220;off|desktop&#8220; box_shadow_style=&#8220;preset4&#8243; box_shadow_horizontal=&#8220;0px&#8220; box_shadow_vertical=&#8220;0px&#8220; box_shadow_spread=&#8220;1px&#8220; box_shadow_color=&#8220;rgba(0,0,0,0.34)&#8220; box_shadow_color__hover=&#8220;#000000&#8243; box_shadow_color__hover_enabled=&#8220;on&#8220; border_width_all__hover=&#8220;30px&#8220; border_width_all__hover_enabled=&#8220;on&#8220;][\/et_pb_image][et_pb_text ul_position=&#8220;inside&#8220; _builder_version=&#8220;4.5.6&#8243; text_font=&#8220;||||||||&#8220; text_line_height=&#8220;0.6em&#8220; ul_font=&#8220;||||||||&#8220; header_font=&#8220;|700|||||||&#8220; header_font_size=&#8220;20px&#8220; header_line_height=&#8220;1.3em&#8220; header_3_font=&#8220;|700|||||||&#8220; header_3_font_size=&#8220;14px&#8220; header_3_line_height=&#8220;1.3em&#8220; text_orientation=&#8220;center&#8220; text_text_align=&#8220;center&#8220; locked=&#8220;off&#8220;]<\/p>\n<p style=\"text-align: left;\"><span style=\"color: #000000;\"><strong>\u201em\u00e5nen og jeg\u201c<\/strong><\/span><\/p>\n<p style=\"text-align: right;\">Katalog-Nr. 03\/00<\/p>\n<p style=\"text-align: right;\">40\u00d750 \u2013 akryl p\u00e5 l\u00e6rredspap<\/p>\n<p>[\/et_pb_text][\/et_pb_column][\/et_pb_row][et_pb_row column_structure=&#8220;1_3,1_3,1_3&#8243; _builder_version=&#8220;3.25&#8243;][et_pb_column type=&#8220;1_3&#8243; _builder_version=&#8220;3.25&#8243; custom_padding=&#8220;|||&#8220; custom_padding__hover=&#8220;|||&#8220;][et_pb_image src=&#8220;http:\/\/kunstcalle.com\/wp-content\/uploads\/2020\/07\/0400-50x40Der-alte-Garten-ALP-scaled-1.jpg&#8220; title_text=&#8220;qrf&#8220; show_in_lightbox=&#8220;on&#8220; align=&#8220;center&#8220; _builder_version=&#8220;4.5.6&#8243; border_width_all=&#8220;20px&#8220; border_color_all=&#8220;#ffffff&#8220; border_width_all_last_edited=&#8220;off|desktop&#8220; box_shadow_style=&#8220;preset4&#8243; box_shadow_horizontal=&#8220;0px&#8220; box_shadow_vertical=&#8220;0px&#8220; box_shadow_spread=&#8220;1px&#8220; box_shadow_color=&#8220;rgba(0,0,0,0.34)&#8220; box_shadow_color__hover=&#8220;#000000&#8243; box_shadow_color__hover_enabled=&#8220;on&#8220; border_width_all__hover_enabled=&#8220;on&#8220; border_width_all__hover=&#8220;30px&#8220;][\/et_pb_image][et_pb_text ul_position=&#8220;inside&#8220; _builder_version=&#8220;4.5.6&#8243; text_font=&#8220;||||||||&#8220; text_line_height=&#8220;0.6em&#8220; ul_font=&#8220;||||||||&#8220; header_font=&#8220;|700|||||||&#8220; header_font_size=&#8220;20px&#8220; header_line_height=&#8220;1.3em&#8220; header_3_font=&#8220;|700|||||||&#8220; header_3_font_size=&#8220;14px&#8220; header_3_line_height=&#8220;1.3em&#8220; text_orientation=&#8220;center&#8220; text_text_align=&#8220;center&#8220; locked=&#8220;off&#8220;]<\/p>\n<p style=\"text-align: left;\"><span style=\"color: #000000;\"><strong>\u201eden gamle have\u201c<\/strong><\/span><\/p>\n<p style=\"text-align: right;\">Katalog-Nr. 04\/00<\/p>\n<p style=\"text-align: right;\">50\u00d740 -akryl p\u00e5 l\u00e6rredspap<\/p>\n<p>[\/et_pb_text][\/et_pb_column][et_pb_column type=&#8220;1_3&#8243; _builder_version=&#8220;3.25&#8243; custom_padding=&#8220;|||&#8220; custom_padding__hover=&#8220;|||&#8220;][et_pb_image src=&#8220;http:\/\/kunstcalle.com\/wp-content\/uploads\/2020\/07\/0502-30x35Flussufer-AP.jpg&#8220; title_text=&#8220;qrf&#8220; show_in_lightbox=&#8220;on&#8220; align=&#8220;center&#8220; _builder_version=&#8220;4.5.6&#8243; border_width_all=&#8220;20px&#8220; border_color_all=&#8220;#ffffff&#8220; border_width_all_last_edited=&#8220;off|desktop&#8220; box_shadow_style=&#8220;preset4&#8243; box_shadow_horizontal=&#8220;0px&#8220; box_shadow_vertical=&#8220;0px&#8220; box_shadow_spread=&#8220;1px&#8220; box_shadow_color=&#8220;rgba(0,0,0,0.34)&#8220; box_shadow_color__hover_enabled=&#8220;on&#8220; box_shadow_color__hover=&#8220;#000000&#8243; border_width_all__hover=&#8220;30px&#8220; border_width_all__hover_enabled=&#8220;on&#8220;][\/et_pb_image][et_pb_text ul_position=&#8220;inside&#8220; _builder_version=&#8220;4.5.6&#8243; text_font=&#8220;||||||||&#8220; text_line_height=&#8220;0.6em&#8220; ul_font=&#8220;||||||||&#8220; header_font=&#8220;|700|||||||&#8220; header_font_size=&#8220;20px&#8220; header_line_height=&#8220;1.3em&#8220; header_3_font=&#8220;|700|||||||&#8220; header_3_font_size=&#8220;14px&#8220; header_3_line_height=&#8220;1.3em&#8220; text_orientation=&#8220;center&#8220; text_text_align=&#8220;center&#8220; locked=&#8220;off&#8220;]<\/p>\n<p style=\"text-align: left;\"><span style=\"color: #000000;\"><strong>\u201e flodbred\u201c<\/strong><\/span><\/p>\n<p style=\"text-align: right;\">Katalog-Nr. 05\/02<\/p>\n<p style=\"text-align: right;\">35\u00d730 \u2013 akryl p\u00e5 papir<\/p>\n<p>[\/et_pb_text][\/et_pb_column][et_pb_column type=&#8220;1_3&#8243; _builder_version=&#8220;3.25&#8243; custom_padding=&#8220;|||&#8220; custom_padding__hover=&#8220;|||&#8220;][et_pb_image src=&#8220;http:\/\/kunstcalle.com\/wp-content\/uploads\/2020\/07\/0600-60x80Na\u0308heO\u0308l-auf-Leinwand-scaled-1.jpg&#8220; title_text=&#8220;qrf&#8220; show_in_lightbox=&#8220;on&#8220; align=&#8220;center&#8220; _builder_version=&#8220;4.5.6&#8243; border_width_all=&#8220;20px&#8220; border_color_all=&#8220;#ffffff&#8220; border_width_all_last_edited=&#8220;off|desktop&#8220; box_shadow_style=&#8220;preset4&#8243; box_shadow_horizontal=&#8220;0px&#8220; box_shadow_vertical=&#8220;0px&#8220; box_shadow_spread=&#8220;1px&#8220; box_shadow_color=&#8220;rgba(0,0,0,0.34)&#8220; box_shadow_color__hover=&#8220;#000000&#8243; box_shadow_color__hover_enabled=&#8220;on&#8220; border_width_all__hover=&#8220;30px&#8220; border_width_all__hover_enabled=&#8220;on&#8220;][\/et_pb_image][et_pb_text ul_position=&#8220;inside&#8220; _builder_version=&#8220;4.5.6&#8243; text_font=&#8220;||||||||&#8220; text_line_height=&#8220;0.6em&#8220; ul_font=&#8220;||||||||&#8220; header_font=&#8220;|700|||||||&#8220; header_font_size=&#8220;20px&#8220; header_line_height=&#8220;1.3em&#8220; header_3_font=&#8220;|700|||||||&#8220; header_3_font_size=&#8220;14px&#8220; header_3_line_height=&#8220;1.3em&#8220; text_orientation=&#8220;center&#8220; text_text_align=&#8220;center&#8220; locked=&#8220;off&#8220;]<\/p>\n<p style=\"text-align: left;\"><span style=\"color: #000000;\"><strong>\u201e n\u00e6rhed\u201c<\/strong><\/span><\/p>\n<p style=\"text-align: right;\">Katalog-Nr. 06\/00<\/p>\n<p style=\"text-align: right;\">60\u00d780 \u2013 olie p\u00e5 l\u00e6rred<\/p>\n<p>[\/et_pb_text][\/et_pb_column][\/et_pb_row][et_pb_row column_structure=&#8220;1_3,1_3,1_3&#8243; _builder_version=&#8220;3.25&#8243;][et_pb_column type=&#8220;1_3&#8243; _builder_version=&#8220;3.25&#8243; custom_padding=&#8220;|||&#8220; custom_padding__hover=&#8220;|||&#8220;][et_pb_image src=&#8220;http:\/\/kunstcalle.com\/wp-content\/uploads\/2020\/07\/0799-50x70Der-Schrebergarten-AL-scaled-1.jpg&#8220; title_text=&#8220;07,99-50&#215;70,Der Schrebergarten, AL&#8220; show_in_lightbox=&#8220;on&#8220; align=&#8220;center&#8220; _builder_version=&#8220;4.5.6&#8243; border_width_all=&#8220;20px&#8220; border_color_all=&#8220;#ffffff&#8220; border_width_all_last_edited=&#8220;off|desktop&#8220; box_shadow_style=&#8220;preset4&#8243; box_shadow_horizontal=&#8220;0px&#8220; box_shadow_vertical=&#8220;0px&#8220; box_shadow_spread=&#8220;1px&#8220; box_shadow_color=&#8220;rgba(0,0,0,0.34)&#8220; box_shadow_color__hover=&#8220;#000000&#8243; box_shadow_color__hover_enabled=&#8220;on&#8220; border_width_all__hover_enabled=&#8220;on&#8220; border_width_all__hover=&#8220;30px&#8220;][\/et_pb_image][et_pb_text ul_position=&#8220;inside&#8220; _builder_version=&#8220;4.5.6&#8243; text_font=&#8220;||||||||&#8220; text_line_height=&#8220;0.6em&#8220; ul_font=&#8220;||||||||&#8220; header_font=&#8220;|700|||||||&#8220; header_font_size=&#8220;20px&#8220; header_line_height=&#8220;1.3em&#8220; header_3_font=&#8220;|700|||||||&#8220; header_3_font_size=&#8220;14px&#8220; header_3_line_height=&#8220;1.3em&#8220; text_orientation=&#8220;center&#8220; text_text_align=&#8220;center&#8220; locked=&#8220;off&#8220;]<\/p>\n<p style=\"text-align: left;\"><span style=\"color: #000000;\"><strong>\u201ekolonihaven\u201c<\/strong><\/span><\/p>\n<p style=\"text-align: right;\">Katalog-Nr. 07\/99<\/p>\n<p style=\"text-align: right;\">50\u00d770 \u2013 akryl p\u00e5 l\u00e6rred<\/p>\n<p>[\/et_pb_text][\/et_pb_column][et_pb_column type=&#8220;1_3&#8243; _builder_version=&#8220;3.25&#8243; custom_padding=&#8220;|||&#8220; custom_padding__hover=&#8220;|||&#8220;][et_pb_image src=&#8220;http:\/\/kunstcalle.com\/wp-content\/uploads\/2020\/07\/0804-40x50Ma\u0308rchenAL-scaled-1.jpg&#8220; title_text=&#8220;qrf&#8220; show_in_lightbox=&#8220;on&#8220; align=&#8220;center&#8220; _builder_version=&#8220;4.5.6&#8243; border_width_all=&#8220;20px&#8220; border_color_all=&#8220;#ffffff&#8220; border_width_all_last_edited=&#8220;off|desktop&#8220; box_shadow_style=&#8220;preset4&#8243; box_shadow_horizontal=&#8220;0px&#8220; box_shadow_vertical=&#8220;0px&#8220; box_shadow_spread=&#8220;1px&#8220; box_shadow_color=&#8220;rgba(0,0,0,0.34)&#8220; box_shadow_color__hover_enabled=&#8220;on&#8220; box_shadow_color__hover=&#8220;#000000&#8243; border_width_all__hover=&#8220;30px&#8220; border_width_all__hover_enabled=&#8220;on&#8220;][\/et_pb_image][et_pb_text ul_position=&#8220;inside&#8220; _builder_version=&#8220;4.5.6&#8243; text_font=&#8220;||||||||&#8220; text_line_height=&#8220;0.6em&#8220; ul_font=&#8220;||||||||&#8220; header_font=&#8220;|700|||||||&#8220; header_font_size=&#8220;20px&#8220; header_line_height=&#8220;1.3em&#8220; header_3_font=&#8220;|700|||||||&#8220; header_3_font_size=&#8220;14px&#8220; header_3_line_height=&#8220;1.3em&#8220; text_orientation=&#8220;center&#8220; text_text_align=&#8220;center&#8220; locked=&#8220;off&#8220;]<\/p>\n<p style=\"text-align: left;\"><span style=\"color: #000000;\"><strong>\u201eeventyr\u201c<\/strong><\/span><\/p>\n<p style=\"text-align: right;\">Katalog-Nr. 08\/04<\/p>\n<p style=\"text-align: right;\">40\u00d750 \u2013 akryl p\u00e5 l\u00e6rred<\/p>\n<p>[\/et_pb_text][\/et_pb_column][et_pb_column type=&#8220;1_3&#8243; _builder_version=&#8220;3.25&#8243; custom_padding=&#8220;|||&#8220; custom_padding__hover=&#8220;|||&#8220;][et_pb_image src=&#8220;http:\/\/kunstcalle.com\/wp-content\/uploads\/2020\/07\/0995-50x70Herbst-AL-scaled-1.jpg&#8220; title_text=&#8220;09,95-50&#215;70,Herbst, AL&#8220; show_in_lightbox=&#8220;on&#8220; align=&#8220;center&#8220; _builder_version=&#8220;4.5.6&#8243; border_width_all=&#8220;20px&#8220; border_color_all=&#8220;#ffffff&#8220; border_width_all_last_edited=&#8220;off|desktop&#8220; box_shadow_style=&#8220;preset4&#8243; box_shadow_horizontal=&#8220;0px&#8220; box_shadow_vertical=&#8220;0px&#8220; box_shadow_spread=&#8220;1px&#8220; box_shadow_color=&#8220;rgba(0,0,0,0.34)&#8220; box_shadow_color__hover=&#8220;#000000&#8243; box_shadow_color__hover_enabled=&#8220;on&#8220; border_width_all__hover=&#8220;30px&#8220; border_width_all__hover_enabled=&#8220;on&#8220;][\/et_pb_image][et_pb_text ul_position=&#8220;inside&#8220; _builder_version=&#8220;4.5.6&#8243; text_font=&#8220;||||||||&#8220; text_line_height=&#8220;0.6em&#8220; ul_font=&#8220;||||||||&#8220; header_font=&#8220;|700|||||||&#8220; header_font_size=&#8220;20px&#8220; header_line_height=&#8220;1.3em&#8220; header_3_font=&#8220;|700|||||||&#8220; header_3_font_size=&#8220;14px&#8220; header_3_line_height=&#8220;1.3em&#8220; text_orientation=&#8220;center&#8220; text_text_align=&#8220;center&#8220; locked=&#8220;off&#8220;]<\/p>\n<p style=\"text-align: left;\"><span style=\"color: #000000;\"><strong>\u201eefter\u00e5r\u201c<\/strong><\/span><\/p>\n<p style=\"text-align: right;\">Katalog-Nr. 09\/95<\/p>\n<p style=\"text-align: right;\">50\u00d770 \u2013 akryl p\u00e5 l\u00e6rred<\/p>\n<p>[\/et_pb_text][\/et_pb_column][\/et_pb_row][et_pb_row column_structure=&#8220;1_3,1_3,1_3&#8243; _builder_version=&#8220;3.25&#8243;][et_pb_column type=&#8220;1_3&#8243; _builder_version=&#8220;3.25&#8243; custom_padding=&#8220;|||&#8220; custom_padding__hover=&#8220;|||&#8220;][et_pb_image src=&#8220;http:\/\/kunstcalle.com\/wp-content\/uploads\/2020\/07\/1007-30x40Glutheisser-Sommer-MT-scaled-1.jpg&#8220; title_text=&#8220;10,07-30&#215;40,Gluthei\u00dfer Sommer, MT&#8220; show_in_lightbox=&#8220;on&#8220; align=&#8220;center&#8220; _builder_version=&#8220;4.5.6&#8243; border_width_all=&#8220;20px&#8220; border_color_all=&#8220;#ffffff&#8220; border_width_all_last_edited=&#8220;off|desktop&#8220; box_shadow_style=&#8220;preset4&#8243; box_shadow_horizontal=&#8220;0px&#8220; box_shadow_vertical=&#8220;0px&#8220; box_shadow_spread=&#8220;1px&#8220; box_shadow_color=&#8220;rgba(0,0,0,0.34)&#8220; box_shadow_color__hover=&#8220;#000000&#8243; box_shadow_color__hover_enabled=&#8220;on&#8220; border_width_all__hover_enabled=&#8220;on&#8220; border_width_all__hover=&#8220;30px&#8220;][\/et_pb_image][et_pb_text ul_position=&#8220;inside&#8220; _builder_version=&#8220;4.5.6&#8243; text_font=&#8220;||||||||&#8220; text_line_height=&#8220;0.6em&#8220; ul_font=&#8220;||||||||&#8220; header_font=&#8220;|700|||||||&#8220; header_font_size=&#8220;20px&#8220; header_line_height=&#8220;1.3em&#8220; header_3_font=&#8220;|700|||||||&#8220; header_3_font_size=&#8220;14px&#8220; header_3_line_height=&#8220;1.3em&#8220; text_orientation=&#8220;center&#8220; text_text_align=&#8220;center&#8220; locked=&#8220;off&#8220;]<\/p>\n<p style=\"text-align: left;\"><span style=\"color: #000000;\"><strong>\u201eglohed sommer 1\u201c<\/strong><\/span><\/p>\n<p style=\"text-align: right;\">Katalog-Nr. 10\/07<\/p>\n<p style=\"text-align: right;\">30\u00d740 \u2013 blandingsteknik<\/p>\n<p>[\/et_pb_text][\/et_pb_column][et_pb_column type=&#8220;1_3&#8243; _builder_version=&#8220;3.25&#8243; custom_padding=&#8220;|||&#8220; custom_padding__hover=&#8220;|||&#8220;][et_pb_image src=&#8220;http:\/\/kunstcalle.com\/wp-content\/uploads\/2020\/07\/1105-30x40Blumen-fu\u0308r-Lilo-MT-scaled-1.jpg&#8220; title_text=&#8220;11,05-30&#215;40,Blumen fu\u0308r Lilo, MT&#8220; show_in_lightbox=&#8220;on&#8220; align=&#8220;center&#8220; _builder_version=&#8220;4.5.6&#8243; border_width_all=&#8220;20px&#8220; border_color_all=&#8220;#ffffff&#8220; border_width_all_last_edited=&#8220;off|desktop&#8220; box_shadow_style=&#8220;preset4&#8243; box_shadow_horizontal=&#8220;0px&#8220; box_shadow_vertical=&#8220;0px&#8220; box_shadow_spread=&#8220;1px&#8220; box_shadow_color=&#8220;rgba(0,0,0,0.34)&#8220; box_shadow_color__hover_enabled=&#8220;on&#8220; box_shadow_color__hover=&#8220;#000000&#8243; border_width_all__hover=&#8220;30px&#8220; border_width_all__hover_enabled=&#8220;on&#8220;][\/et_pb_image][et_pb_text ul_position=&#8220;inside&#8220; _builder_version=&#8220;4.5.6&#8243; text_font=&#8220;||||||||&#8220; text_line_height=&#8220;0.6em&#8220; ul_font=&#8220;||||||||&#8220; header_font=&#8220;|700|||||||&#8220; header_font_size=&#8220;20px&#8220; header_line_height=&#8220;1.3em&#8220; header_3_font=&#8220;|700|||||||&#8220; header_3_font_size=&#8220;14px&#8220; header_3_line_height=&#8220;1.3em&#8220; text_orientation=&#8220;center&#8220; text_text_align=&#8220;center&#8220; locked=&#8220;off&#8220;]<\/p>\n<p style=\"text-align: left;\"><span style=\"color: #000000;\"><strong>\u201eblomster til Lilo\u201c<\/strong><\/span><\/p>\n<p style=\"text-align: right;\">Katalog-Nr. 11\/05<\/p>\n<p style=\"text-align: right;\">30\u00d740 \u2013 blandingsteknik<\/p>\n<p>[\/et_pb_text][\/et_pb_column][et_pb_column type=&#8220;1_3&#8243; _builder_version=&#8220;3.25&#8243; custom_padding=&#8220;|||&#8220; custom_padding__hover=&#8220;|||&#8220;][et_pb_image src=&#8220;http:\/\/kunstcalle.com\/wp-content\/uploads\/2020\/07\/1207-40x30Su\u0308dliche-Landschaft-2MT-scaled-1.jpg&#8220; title_text=&#8220;12,07-40&#215;30,Su\u0308dliche Landschaft 2,MT&#8220; show_in_lightbox=&#8220;on&#8220; align=&#8220;center&#8220; _builder_version=&#8220;4.5.6&#8243; border_width_all=&#8220;20px&#8220; border_color_all=&#8220;#ffffff&#8220; border_width_all_last_edited=&#8220;off|desktop&#8220; box_shadow_style=&#8220;preset4&#8243; box_shadow_horizontal=&#8220;0px&#8220; box_shadow_vertical=&#8220;0px&#8220; box_shadow_spread=&#8220;1px&#8220; box_shadow_color=&#8220;rgba(0,0,0,0.34)&#8220; box_shadow_color__hover=&#8220;#000000&#8243; box_shadow_color__hover_enabled=&#8220;on&#8220; border_width_all__hover=&#8220;30px&#8220; border_width_all__hover_enabled=&#8220;on&#8220;][\/et_pb_image][et_pb_text ul_position=&#8220;inside&#8220; _builder_version=&#8220;4.5.6&#8243; text_font=&#8220;||||||||&#8220; text_line_height=&#8220;0.6em&#8220; ul_font=&#8220;||||||||&#8220; header_font=&#8220;|700|||||||&#8220; header_font_size=&#8220;20px&#8220; header_line_height=&#8220;1.3em&#8220; header_3_font=&#8220;|700|||||||&#8220; header_3_font_size=&#8220;14px&#8220; header_3_line_height=&#8220;1.3em&#8220; text_orientation=&#8220;center&#8220; text_text_align=&#8220;center&#8220; locked=&#8220;off&#8220;]<\/p>\n<p style=\"text-align: left;\"><span style=\"color: #000000;\"><strong>\u201esydligt landskab 2\u201c<\/strong><\/span><\/p>\n<p style=\"text-align: right;\">Katalog-Nr. 12\/07<\/p>\n<p style=\"text-align: right;\">40\u00d730 \u2013 blandingsteknik<\/p>\n<p>[\/et_pb_text][\/et_pb_column][\/et_pb_row][et_pb_row column_structure=&#8220;1_3,1_3,1_3&#8243; _builder_version=&#8220;3.25&#8243;][et_pb_column type=&#8220;1_3&#8243; _builder_version=&#8220;3.25&#8243; custom_padding=&#8220;|||&#8220; custom_padding__hover=&#8220;|||&#8220;][et_pb_image src=&#8220;http:\/\/kunstcalle.com\/wp-content\/uploads\/2021\/02\/5903-Nachtspaziergang-Acryl-auf-Leinwandpappe-30&#215;40-1.jpg&#8220; title_text=&#8220;59,03-Nachtspaziergang- Acryl auf Leinwandpappe, 30&#215;40&#8243; show_in_lightbox=&#8220;on&#8220; align=&#8220;center&#8220; _builder_version=&#8220;4.5.6&#8243; border_width_all=&#8220;20px&#8220; border_color_all=&#8220;#ffffff&#8220; border_width_all_last_edited=&#8220;off|desktop&#8220; box_shadow_style=&#8220;preset4&#8243; box_shadow_horizontal=&#8220;0px&#8220; box_shadow_vertical=&#8220;0px&#8220; box_shadow_spread=&#8220;1px&#8220; box_shadow_color=&#8220;rgba(0,0,0,0.34)&#8220; box_shadow_color__hover=&#8220;#000000&#8243; box_shadow_color__hover_enabled=&#8220;on&#8220; border_width_all__hover_enabled=&#8220;on&#8220; border_width_all__hover=&#8220;30px&#8220;][\/et_pb_image][et_pb_text ul_position=&#8220;inside&#8220; _builder_version=&#8220;4.5.6&#8243; text_font=&#8220;||||||||&#8220; text_line_height=&#8220;0.6em&#8220; ul_font=&#8220;||||||||&#8220; header_font=&#8220;|700|||||||&#8220; header_font_size=&#8220;20px&#8220; header_line_height=&#8220;1.3em&#8220; header_3_font=&#8220;|700|||||||&#8220; header_3_font_size=&#8220;14px&#8220; header_3_line_height=&#8220;1.3em&#8220; text_orientation=&#8220;center&#8220; text_text_align=&#8220;center&#8220; locked=&#8220;off&#8220;]<\/p>\n<p style=\"text-align: left;\"><span style=\"color: #000000;\"><strong>&#8222;Nachtspaziergang&#8220;<\/strong><\/span><\/p>\n<p style=\"text-align: right;\">Katalog-Nr. 59\/03<\/p>\n<p style=\"text-align: right;\">30\u00d740 \u2013 akryl p\u00e5 l\u00e6rredspap<\/p>\n<p>[\/et_pb_text][\/et_pb_column][et_pb_column type=&#8220;1_3&#8243; _builder_version=&#8220;3.25&#8243; custom_padding=&#8220;|||&#8220; custom_padding__hover=&#8220;|||&#8220;][et_pb_image src=&#8220;http:\/\/kunstcalle.com\/wp-content\/uploads\/2020\/07\/1406-20x30BlaulichtMischtechnik-scaled-1.jpg&#8220; title_text=&#8220;14,06-20&#215;30,Blaulicht,Mischtechnik&#8220; show_in_lightbox=&#8220;on&#8220; align=&#8220;center&#8220; _builder_version=&#8220;4.5.6&#8243; border_width_all=&#8220;20px&#8220; border_color_all=&#8220;#ffffff&#8220; border_width_all_last_edited=&#8220;off|desktop&#8220; box_shadow_style=&#8220;preset4&#8243; box_shadow_horizontal=&#8220;0px&#8220; box_shadow_vertical=&#8220;0px&#8220; box_shadow_spread=&#8220;1px&#8220; box_shadow_color=&#8220;rgba(0,0,0,0.34)&#8220; box_shadow_color__hover_enabled=&#8220;on&#8220; box_shadow_color__hover=&#8220;#000000&#8243; border_width_all__hover=&#8220;30px&#8220; border_width_all__hover_enabled=&#8220;on&#8220;][\/et_pb_image][et_pb_text ul_position=&#8220;inside&#8220; _builder_version=&#8220;4.5.6&#8243; text_font=&#8220;||||||||&#8220; text_line_height=&#8220;0.6em&#8220; ul_font=&#8220;||||||||&#8220; header_font=&#8220;|700|||||||&#8220; header_font_size=&#8220;20px&#8220; header_line_height=&#8220;1.3em&#8220; header_3_font=&#8220;|700|||||||&#8220; header_3_font_size=&#8220;14px&#8220; header_3_line_height=&#8220;1.3em&#8220; text_orientation=&#8220;center&#8220; text_text_align=&#8220;center&#8220; locked=&#8220;off&#8220;]<\/p>\n<p style=\"text-align: left;\"><span style=\"color: #000000;\"><strong>\u201ebl\u00e5lys\u201c<span><\/p>\n<p><em>-Solgt-<\/em><\/span><\/strong><\/span><\/p>\n<p style=\"text-align: right;\">Katalog-Nr. 14\/06<\/p>\n<p style=\"text-align: right;\">\u00a020\u00d730 \u2013 blandingsteknik<\/p>\n<p>[\/et_pb_text][\/et_pb_column][et_pb_column type=&#8220;1_3&#8243; _builder_version=&#8220;3.25&#8243; custom_padding=&#8220;|||&#8220; custom_padding__hover=&#8220;|||&#8220;][et_pb_image src=&#8220;http:\/\/kunstcalle.com\/wp-content\/uploads\/2021\/02\/5117-Das-Meer-Mischtechnik-auf-Leinwandpappe-40&#215;30-1.jpg&#8220; title_text=&#8220;51,17- Das Meer- Mischtechnik auf Leinwandpappe, 40&#215;30&#8243; show_in_lightbox=&#8220;on&#8220; align=&#8220;center&#8220; _builder_version=&#8220;4.5.6&#8243; border_width_all=&#8220;20px&#8220; border_color_all=&#8220;#ffffff&#8220; border_width_all_last_edited=&#8220;off|desktop&#8220; box_shadow_style=&#8220;preset4&#8243; box_shadow_horizontal=&#8220;0px&#8220; box_shadow_vertical=&#8220;0px&#8220; box_shadow_spread=&#8220;1px&#8220; box_shadow_color=&#8220;rgba(0,0,0,0.34)&#8220; box_shadow_color__hover=&#8220;#000000&#8243; box_shadow_color__hover_enabled=&#8220;on&#8220; border_width_all__hover=&#8220;30px&#8220; border_width_all__hover_enabled=&#8220;on&#8220;][\/et_pb_image][et_pb_text ul_position=&#8220;inside&#8220; _builder_version=&#8220;4.5.6&#8243; text_font=&#8220;||||||||&#8220; text_line_height=&#8220;0.6em&#8220; ul_font=&#8220;||||||||&#8220; header_font=&#8220;|700|||||||&#8220; header_font_size=&#8220;20px&#8220; header_line_height=&#8220;1.3em&#8220; header_3_font=&#8220;|700|||||||&#8220; header_3_font_size=&#8220;14px&#8220; header_3_line_height=&#8220;1.3em&#8220; text_orientation=&#8220;center&#8220; text_text_align=&#8220;center&#8220; locked=&#8220;off&#8220;]<\/p>\n<p style=\"text-align: left;\"><span style=\"color: #000000;\"><strong>&#8222;<span>\"overlevelse\"<\/span>&#8222;<\/strong><\/span><\/p>\n<p style=\"text-align: right;\">Katalog-Nr. 51\/17<\/p>\n<p style=\"text-align: right;\">40&#215;30 &#8211; Mischtechnik auf Leinwandpappe<\/p>\n<p>[\/et_pb_text][\/et_pb_column][\/et_pb_row][et_pb_row column_structure=&#8220;1_3,1_3,1_3&#8243; _builder_version=&#8220;3.25&#8243;][et_pb_column type=&#8220;1_3&#8243; _builder_version=&#8220;3.25&#8243; custom_padding=&#8220;|||&#8220; custom_padding__hover=&#8220;|||&#8220;][et_pb_image src=&#8220;http:\/\/kunstcalle.com\/wp-content\/uploads\/2020\/07\/1604-30x20Glutheisser-Sommer-2-Aquarell-scaled-1.jpg&#8220; title_text=&#8220;16,04-30&#215;20,Gluthei\u00dfer Sommer 2, Aquarell&#8220; show_in_lightbox=&#8220;on&#8220; align=&#8220;center&#8220; _builder_version=&#8220;4.5.6&#8243; border_width_all=&#8220;20px&#8220; border_color_all=&#8220;#ffffff&#8220; border_width_all_last_edited=&#8220;off|desktop&#8220; box_shadow_style=&#8220;preset4&#8243; box_shadow_horizontal=&#8220;0px&#8220; box_shadow_vertical=&#8220;0px&#8220; box_shadow_spread=&#8220;1px&#8220; box_shadow_color=&#8220;rgba(0,0,0,0.34)&#8220; box_shadow_color__hover=&#8220;#000000&#8243; box_shadow_color__hover_enabled=&#8220;on&#8220; border_width_all__hover_enabled=&#8220;on&#8220; border_width_all__hover=&#8220;30px&#8220;][\/et_pb_image][et_pb_text ul_position=&#8220;inside&#8220; _builder_version=&#8220;4.5.6&#8243; text_font=&#8220;||||||||&#8220; text_line_height=&#8220;0.6em&#8220; ul_font=&#8220;||||||||&#8220; header_font=&#8220;|700|||||||&#8220; header_font_size=&#8220;20px&#8220; header_line_height=&#8220;1.3em&#8220; header_3_font=&#8220;|700|||||||&#8220; header_3_font_size=&#8220;14px&#8220; header_3_line_height=&#8220;1.3em&#8220; text_orientation=&#8220;center&#8220; text_text_align=&#8220;center&#8220; locked=&#8220;off&#8220;]<\/p>\n<p style=\"text-align: left;\"><span style=\"color: #000000;\"><strong>\u201eglohed sommer 2\u201c<\/strong><\/span><\/p>\n<p style=\"text-align: right;\">Katalog-Nr. 16\/04<\/p>\n<p style=\"text-align: right;\">30\u00d720 \u2013 akvarel<\/p>\n<p>[\/et_pb_text][\/et_pb_column][et_pb_column type=&#8220;1_3&#8243; _builder_version=&#8220;3.25&#8243; custom_padding=&#8220;|||&#8220; custom_padding__hover=&#8220;|||&#8220;][et_pb_image src=&#8220;http:\/\/kunstcalle.com\/wp-content\/uploads\/2020\/07\/1704-30x25Nordische-Nacht-Aquarell-scaled-1.jpg&#8220; title_text=&#8220;17,04-30&#215;25,Nordische Nacht, Aquarell&#8220; show_in_lightbox=&#8220;on&#8220; align=&#8220;center&#8220; _builder_version=&#8220;4.5.6&#8243; border_width_all=&#8220;20px&#8220; border_color_all=&#8220;#ffffff&#8220; border_width_all_last_edited=&#8220;off|desktop&#8220; box_shadow_style=&#8220;preset4&#8243; box_shadow_horizontal=&#8220;0px&#8220; box_shadow_vertical=&#8220;0px&#8220; box_shadow_spread=&#8220;1px&#8220; box_shadow_color=&#8220;rgba(0,0,0,0.34)&#8220; box_shadow_color__hover_enabled=&#8220;on&#8220; box_shadow_color__hover=&#8220;#000000&#8243; border_width_all__hover=&#8220;30px&#8220; border_width_all__hover_enabled=&#8220;on&#8220;][\/et_pb_image][et_pb_text ul_position=&#8220;inside&#8220; _builder_version=&#8220;4.5.6&#8243; text_font=&#8220;||||||||&#8220; text_line_height=&#8220;0.6em&#8220; ul_font=&#8220;||||||||&#8220; header_font=&#8220;|700|||||||&#8220; header_font_size=&#8220;20px&#8220; header_line_height=&#8220;1.3em&#8220; header_3_font=&#8220;|700|||||||&#8220; header_3_font_size=&#8220;14px&#8220; header_3_line_height=&#8220;1.3em&#8220; text_orientation=&#8220;center&#8220; text_text_align=&#8220;center&#8220; locked=&#8220;off&#8220;]<\/p>\n<p style=\"text-align: left;\"><span style=\"color: #000000;\"><strong>\u201enordisk nat\u201c<\/strong><\/span><\/p>\n<p style=\"text-align: right;\">Katalog-Nr. 17\/04<\/p>\n<p style=\"text-align: right;\">30\u00d725 \u2013 akvarel<\/p>\n<p>[\/et_pb_text][\/et_pb_column][et_pb_column type=&#8220;1_3&#8243; _builder_version=&#8220;3.25&#8243; custom_padding=&#8220;|||&#8220; custom_padding__hover=&#8220;|||&#8220;][et_pb_image src=&#8220;http:\/\/kunstcalle.com\/wp-content\/uploads\/2021\/02\/6105-Gru\u0308ne-Spielerei-Acryl-aufLeinwandpappe-12&#215;19-1.jpg&#8220; title_text=&#8220;61,05- Gru\u0308ne Spielerei, Acryl aufLeinwandpappe, 12&#215;19&#8243; show_in_lightbox=&#8220;on&#8220; align=&#8220;center&#8220; _builder_version=&#8220;4.5.6&#8243; border_width_all=&#8220;20px&#8220; border_color_all=&#8220;#ffffff&#8220; border_width_all_last_edited=&#8220;off|desktop&#8220; box_shadow_style=&#8220;preset4&#8243; box_shadow_horizontal=&#8220;0px&#8220; box_shadow_vertical=&#8220;0px&#8220; box_shadow_spread=&#8220;1px&#8220; box_shadow_color=&#8220;rgba(0,0,0,0.34)&#8220; box_shadow_color__hover=&#8220;#000000&#8243; box_shadow_color__hover_enabled=&#8220;on&#8220; border_width_all__hover=&#8220;30px&#8220; border_width_all__hover_enabled=&#8220;on&#8220;][\/et_pb_image][et_pb_text ul_position=&#8220;inside&#8220; _builder_version=&#8220;4.5.6&#8243; text_font=&#8220;||||||||&#8220; text_line_height=&#8220;0.6em&#8220; ul_font=&#8220;||||||||&#8220; header_font=&#8220;|700|||||||&#8220; header_font_size=&#8220;20px&#8220; header_line_height=&#8220;1.3em&#8220; header_3_font=&#8220;|700|||||||&#8220; header_3_font_size=&#8220;14px&#8220; header_3_line_height=&#8220;1.3em&#8220; text_orientation=&#8220;center&#8220; text_text_align=&#8220;center&#8220; locked=&#8220;off&#8220;]<\/p>\n<p style=\"text-align: left;\"><span style=\"color: #000000;\"><strong>\"leg med gr\u00f8nt\"<\/strong><\/span><\/p>\n<p style=\"text-align: right;\">Katalog-Nr. 61\/05<\/p>\n<p style=\"text-align: right;\">12\u00d719 \u2013 acryl p\u00e5 l\u00e6rredspap<\/p>\n<p>[\/et_pb_text][\/et_pb_column][\/et_pb_row][et_pb_row column_structure=&#8220;1_3,1_3,1_3&#8243; _builder_version=&#8220;3.25&#8243;][et_pb_column type=&#8220;1_3&#8243; _builder_version=&#8220;3.25&#8243; custom_padding=&#8220;|||&#8220; custom_padding__hover=&#8220;|||&#8220;][et_pb_image src=&#8220;http:\/\/kunstcalle.com\/wp-content\/uploads\/2020\/08\/01905-30x40VitaAP.jpg&#8220; title_text=&#8220;019,05-30&#215;40,Vita,AP&#8220; show_in_lightbox=&#8220;on&#8220; align=&#8220;center&#8220; _builder_version=&#8220;4.5.6&#8243; border_width_all=&#8220;20px&#8220; border_color_all=&#8220;#ffffff&#8220; border_width_all_last_edited=&#8220;off|desktop&#8220; box_shadow_style=&#8220;preset4&#8243; box_shadow_horizontal=&#8220;0px&#8220; box_shadow_vertical=&#8220;0px&#8220; box_shadow_spread=&#8220;1px&#8220; box_shadow_color=&#8220;rgba(0,0,0,0.34)&#8220; box_shadow_color__hover=&#8220;#000000&#8243; box_shadow_color__hover_enabled=&#8220;on&#8220; border_width_all__hover_enabled=&#8220;on&#8220; border_width_all__hover=&#8220;30px&#8220;][\/et_pb_image][et_pb_text ul_position=&#8220;inside&#8220; _builder_version=&#8220;4.5.6&#8243; text_font=&#8220;||||||||&#8220; text_line_height=&#8220;0.6em&#8220; ul_font=&#8220;||||||||&#8220; header_font=&#8220;|700|||||||&#8220; header_font_size=&#8220;20px&#8220; header_line_height=&#8220;1.3em&#8220; header_3_font=&#8220;|700|||||||&#8220; header_3_font_size=&#8220;14px&#8220; header_3_line_height=&#8220;1.3em&#8220; text_orientation=&#8220;center&#8220; text_text_align=&#8220;center&#8220; locked=&#8220;off&#8220;]<\/p>\n<p style=\"text-align: left;\"><span style=\"color: #000000;\"><strong>\u201eVita\u201c<\/strong><\/span><\/p>\n<p style=\"text-align: right;\">Katalog-Nr. 19\/05<\/p>\n<p style=\"text-align: right;\">30\u00d740 \u2013 akvarel p\u00e5 papir<\/p>\n<p>[\/et_pb_text][\/et_pb_column][et_pb_column type=&#8220;1_3&#8243; _builder_version=&#8220;3.25&#8243; custom_padding=&#8220;|||&#8220; custom_padding__hover=&#8220;|||&#8220;][et_pb_image src=&#8220;http:\/\/kunstcalle.com\/wp-content\/uploads\/2020\/07\/2005-30x40Ohne-TitelMT-scaled-1.jpg&#8220; title_text=&#8220;20,05-30&#215;40,Ohne Titel,MT&#8220; show_in_lightbox=&#8220;on&#8220; align=&#8220;center&#8220; _builder_version=&#8220;4.5.6&#8243; border_width_all=&#8220;20px&#8220; border_color_all=&#8220;#ffffff&#8220; border_width_all_last_edited=&#8220;off|desktop&#8220; box_shadow_style=&#8220;preset4&#8243; box_shadow_horizontal=&#8220;0px&#8220; box_shadow_vertical=&#8220;0px&#8220; box_shadow_spread=&#8220;1px&#8220; box_shadow_color=&#8220;rgba(0,0,0,0.34)&#8220; box_shadow_color__hover_enabled=&#8220;on&#8220; box_shadow_color__hover=&#8220;#000000&#8243; border_width_all__hover=&#8220;30px&#8220; border_width_all__hover_enabled=&#8220;on&#8220;][\/et_pb_image][et_pb_text ul_position=&#8220;inside&#8220; _builder_version=&#8220;4.5.6&#8243; text_font=&#8220;||||||||&#8220; text_line_height=&#8220;0.6em&#8220; ul_font=&#8220;||||||||&#8220; header_font=&#8220;|700|||||||&#8220; header_font_size=&#8220;20px&#8220; header_line_height=&#8220;1.3em&#8220; header_3_font=&#8220;|700|||||||&#8220; header_3_font_size=&#8220;14px&#8220; header_3_line_height=&#8220;1.3em&#8220; text_orientation=&#8220;center&#8220; text_text_align=&#8220;center&#8220; locked=&#8220;off&#8220;]<\/p>\n<p style=\"text-align: left;\"><span style=\"color: #000000;\"><strong>uden titel<\/strong><\/span><\/p>\n<p style=\"text-align: right;\">Katalog-Nr. 20\/05<\/p>\n<p style=\"text-align: right;\">30\u00d740 \u2013 blandingsteknik<\/p>\n<p>[\/et_pb_text][\/et_pb_column][et_pb_column type=&#8220;1_3&#8243; _builder_version=&#8220;3.25&#8243; custom_padding=&#8220;|||&#8220; custom_padding__hover=&#8220;|||&#8220;][et_pb_image src=&#8220;http:\/\/kunstcalle.com\/wp-content\/uploads\/2021\/02\/6004-Leben-Acryl-auf-Leinwandpappe-50&#215;40-1.jpg&#8220; title_text=&#8220;60,04- Leben- Acryl auf Leinwandpappe, 50&#215;40&#8243; show_in_lightbox=&#8220;on&#8220; align=&#8220;center&#8220; _builder_version=&#8220;4.5.6&#8243; border_width_all=&#8220;20px&#8220; border_color_all=&#8220;#ffffff&#8220; border_width_all_last_edited=&#8220;off|desktop&#8220; box_shadow_style=&#8220;preset4&#8243; box_shadow_horizontal=&#8220;0px&#8220; box_shadow_vertical=&#8220;0px&#8220; box_shadow_spread=&#8220;1px&#8220; box_shadow_color=&#8220;rgba(0,0,0,0.34)&#8220; box_shadow_color__hover=&#8220;#000000&#8243; box_shadow_color__hover_enabled=&#8220;on&#8220; border_width_all__hover=&#8220;30px&#8220; border_width_all__hover_enabled=&#8220;on&#8220;][\/et_pb_image][et_pb_text ul_position=&#8220;inside&#8220; _builder_version=&#8220;4.5.6&#8243; text_font=&#8220;||||||||&#8220; text_line_height=&#8220;0.6em&#8220; ul_font=&#8220;||||||||&#8220; header_font=&#8220;|700|||||||&#8220; header_font_size=&#8220;20px&#8220; header_line_height=&#8220;1.3em&#8220; header_3_font=&#8220;|700|||||||&#8220; header_3_font_size=&#8220;14px&#8220; header_3_line_height=&#8220;1.3em&#8220; text_orientation=&#8220;center&#8220; text_text_align=&#8220;center&#8220; locked=&#8220;off&#8220;]<\/p>\n<p style=\"text-align: left;\"><span style=\"color: #000000;\"><strong>\"liv\"<\/strong><\/span><\/p>\n<p style=\"text-align: right;\">Katalog-Nr. 60\/04<\/p>\n<p style=\"text-align: right;\">50x40 - acryl p\u00e5 l\u00e6rredspap<\/p>\n<p>[\/et_pb_text][\/et_pb_column][\/et_pb_row][et_pb_row column_structure=&#8220;1_3,1_3,1_3&#8243; _builder_version=&#8220;3.25&#8243;][et_pb_column type=&#8220;1_3&#8243; _builder_version=&#8220;3.25&#8243; custom_padding=&#8220;|||&#8220; custom_padding__hover=&#8220;|||&#8220;][et_pb_image src=&#8220;http:\/\/kunstcalle.com\/wp-content\/uploads\/2020\/07\/2209-40x60SchattenspenderAcryl-auf-Papier-scaled-1.jpg&#8220; title_text=&#8220;22,09-40&#215;60,Schattenspender,Acryl auf Papier&#8220; show_in_lightbox=&#8220;on&#8220; align=&#8220;center&#8220; _builder_version=&#8220;4.5.6&#8243; border_width_all=&#8220;20px&#8220; border_color_all=&#8220;#ffffff&#8220; border_width_all_last_edited=&#8220;off|desktop&#8220; box_shadow_style=&#8220;preset4&#8243; box_shadow_horizontal=&#8220;0px&#8220; box_shadow_vertical=&#8220;0px&#8220; box_shadow_spread=&#8220;1px&#8220; box_shadow_color=&#8220;rgba(0,0,0,0.34)&#8220; box_shadow_color__hover=&#8220;#000000&#8243; box_shadow_color__hover_enabled=&#8220;on&#8220; border_width_all__hover_enabled=&#8220;on&#8220; border_width_all__hover=&#8220;30px&#8220;][\/et_pb_image][et_pb_text ul_position=&#8220;inside&#8220; _builder_version=&#8220;4.5.6&#8243; text_font=&#8220;||||||||&#8220; text_line_height=&#8220;0.6em&#8220; ul_font=&#8220;||||||||&#8220; header_font=&#8220;|700|||||||&#8220; header_font_size=&#8220;20px&#8220; header_line_height=&#8220;1.3em&#8220; header_3_font=&#8220;|700|||||||&#8220; header_3_font_size=&#8220;14px&#8220; header_3_line_height=&#8220;1.3em&#8220; text_orientation=&#8220;center&#8220; text_text_align=&#8220;center&#8220; locked=&#8220;off&#8220;]<\/p>\n<p style=\"text-align: left;\"><span style=\"color: #000000;\"><strong>\u201eskyggegiver\u201c<\/strong><\/span><\/p>\n<p style=\"text-align: right;\">Katalog-Nr. 22\/09<\/p>\n<p style=\"text-align: right;\">40\u00d760 \u2013 akryl p\u00e5 papir<\/p>\n<p>[\/et_pb_text][\/et_pb_column][et_pb_column type=&#8220;1_3&#8243; _builder_version=&#8220;3.25&#8243; custom_padding=&#8220;|||&#8220; custom_padding__hover=&#8220;|||&#8220;][et_pb_image src=&#8220;http:\/\/kunstcalle.com\/wp-content\/uploads\/2020\/07\/2307-40x50SchlehenAquarell-fixiert-scaled-1.jpg&#8220; title_text=&#8220;23,07-40&#215;50,Schlehen,Aquarell fixiert&#8220; show_in_lightbox=&#8220;on&#8220; align=&#8220;center&#8220; _builder_version=&#8220;4.5.6&#8243; border_width_all=&#8220;20px&#8220; border_color_all=&#8220;#ffffff&#8220; border_width_all_last_edited=&#8220;off|desktop&#8220; box_shadow_style=&#8220;preset4&#8243; box_shadow_horizontal=&#8220;0px&#8220; box_shadow_vertical=&#8220;0px&#8220; box_shadow_spread=&#8220;1px&#8220; box_shadow_color=&#8220;rgba(0,0,0,0.34)&#8220; box_shadow_color__hover_enabled=&#8220;on&#8220; box_shadow_color__hover=&#8220;#000000&#8243; border_width_all__hover=&#8220;30px&#8220; border_width_all__hover_enabled=&#8220;on&#8220;][\/et_pb_image][et_pb_text ul_position=&#8220;inside&#8220; _builder_version=&#8220;4.5.6&#8243; text_font=&#8220;||||||||&#8220; text_line_height=&#8220;0.6em&#8220; ul_font=&#8220;||||||||&#8220; header_font=&#8220;|700|||||||&#8220; header_font_size=&#8220;20px&#8220; header_line_height=&#8220;1.3em&#8220; header_3_font=&#8220;|700|||||||&#8220; header_3_font_size=&#8220;14px&#8220; header_3_line_height=&#8220;1.3em&#8220; text_orientation=&#8220;center&#8220; text_text_align=&#8220;center&#8220; locked=&#8220;off&#8220;]<\/p>\n<p style=\"text-align: left;\"><span style=\"color: #000000;\"><strong>\u201esl\u00e5en\u201c<\/strong><\/span><\/p>\n<p style=\"text-align: right;\">Katalog-Nr. 23\/07<\/p>\n<p style=\"text-align: right;\">40\u00d750 \u2013 akvarel fikseret<\/p>\n<p>[\/et_pb_text][\/et_pb_column][et_pb_column type=&#8220;1_3&#8243; _builder_version=&#8220;3.25&#8243; custom_padding=&#8220;|||&#8220; custom_padding__hover=&#8220;|||&#8220;][et_pb_image src=&#8220;http:\/\/kunstcalle.com\/wp-content\/uploads\/2020\/07\/2400-60&#215;40-1-scaled-1.jpg&#8220; title_text=&#8220;24,00-60&#215;40&#8243; show_in_lightbox=&#8220;on&#8220; align=&#8220;center&#8220; _builder_version=&#8220;4.5.6&#8243; border_width_all=&#8220;20px&#8220; border_color_all=&#8220;#ffffff&#8220; border_width_all_last_edited=&#8220;off|desktop&#8220; box_shadow_style=&#8220;preset4&#8243; box_shadow_horizontal=&#8220;0px&#8220; box_shadow_vertical=&#8220;0px&#8220; box_shadow_spread=&#8220;1px&#8220; box_shadow_color=&#8220;rgba(0,0,0,0.34)&#8220; box_shadow_color__hover=&#8220;#000000&#8243; box_shadow_color__hover_enabled=&#8220;on&#8220; border_width_all__hover=&#8220;30px&#8220; border_width_all__hover_enabled=&#8220;on&#8220;][\/et_pb_image][et_pb_text ul_position=&#8220;inside&#8220; _builder_version=&#8220;4.5.6&#8243; text_font=&#8220;||||||||&#8220; text_line_height=&#8220;0.6em&#8220; ul_font=&#8220;||||||||&#8220; header_font=&#8220;|700|||||||&#8220; header_font_size=&#8220;20px&#8220; header_line_height=&#8220;1.3em&#8220; header_3_font=&#8220;|700|||||||&#8220; header_3_font_size=&#8220;14px&#8220; header_3_line_height=&#8220;1.3em&#8220; text_orientation=&#8220;center&#8220; text_text_align=&#8220;center&#8220; locked=&#8220;off&#8220;]<\/p>\n<p style=\"text-align: left;\"><span color=\"#000000\" style=\"color: #000000;\"><b>\u201ekort f\u00f8r solnedgang\u201c<\/b><\/span><\/p>\n<p style=\"text-align: right;\">Katalog-Nr. 24\/00<\/p>\n<p style=\"text-align: right;\">60&#215;40<\/p>\n<p>[\/et_pb_text][\/et_pb_column][\/et_pb_row][et_pb_row column_structure=&#8220;1_3,1_3,1_3&#8243; _builder_version=&#8220;3.25&#8243;][et_pb_column type=&#8220;1_3&#8243; _builder_version=&#8220;3.25&#8243; custom_padding=&#8220;|||&#8220; custom_padding__hover=&#8220;|||&#8220;][et_pb_image src=&#8220;http:\/\/kunstcalle.com\/wp-content\/uploads\/2020\/07\/2510-50x60frodigAcryl-scaled-1.jpg&#8220; title_text=&#8220;25,10-50&#215;60,frodig,Acryl&#8220; show_in_lightbox=&#8220;on&#8220; align=&#8220;center&#8220; _builder_version=&#8220;4.5.6&#8243; border_width_all=&#8220;20px&#8220; border_color_all=&#8220;#ffffff&#8220; border_width_all_last_edited=&#8220;off|desktop&#8220; box_shadow_style=&#8220;preset4&#8243; box_shadow_horizontal=&#8220;0px&#8220; box_shadow_vertical=&#8220;0px&#8220; box_shadow_spread=&#8220;1px&#8220; box_shadow_color=&#8220;rgba(0,0,0,0.34)&#8220; box_shadow_color__hover=&#8220;#000000&#8243; box_shadow_color__hover_enabled=&#8220;on&#8220; border_width_all__hover_enabled=&#8220;on&#8220; border_width_all__hover=&#8220;30px&#8220;][\/et_pb_image][et_pb_text ul_position=&#8220;inside&#8220; _builder_version=&#8220;4.5.6&#8243; text_font=&#8220;||||||||&#8220; text_line_height=&#8220;0.6em&#8220; ul_font=&#8220;||||||||&#8220; header_font=&#8220;|700|||||||&#8220; header_font_size=&#8220;20px&#8220; header_line_height=&#8220;1.3em&#8220; header_3_font=&#8220;|700|||||||&#8220; header_3_font_size=&#8220;14px&#8220; header_3_line_height=&#8220;1.3em&#8220; text_orientation=&#8220;center&#8220; text_text_align=&#8220;center&#8220; locked=&#8220;off&#8220;]<\/p>\n<p style=\"text-align: left;\"><span style=\"color: #000000;\"><strong>&#8222;frodig&#8220;<\/strong><\/span><\/p>\n<p style=\"text-align: right;\">Katalog-Nr. 25\/10<\/p>\n<p style=\"text-align: right;\">50\u00d760 \u2013 akryl<\/p>\n<p>[\/et_pb_text][\/et_pb_column][et_pb_column type=&#8220;1_3&#8243; _builder_version=&#8220;3.25&#8243; custom_padding=&#8220;|||&#8220; custom_padding__hover=&#8220;|||&#8220;][et_pb_image src=&#8220;http:\/\/kunstcalle.com\/wp-content\/uploads\/2020\/07\/2605-30x40Glutheisser-Sommer-3MT-scaled-1.jpg&#8220; title_text=&#8220;26,05-30&#215;40,Gluthei\u00dfer Sommer 3,MT&#8220; show_in_lightbox=&#8220;on&#8220; align=&#8220;center&#8220; _builder_version=&#8220;4.5.6&#8243; border_width_all=&#8220;20px&#8220; border_color_all=&#8220;#ffffff&#8220; border_width_all_last_edited=&#8220;off|desktop&#8220; box_shadow_style=&#8220;preset4&#8243; box_shadow_horizontal=&#8220;0px&#8220; box_shadow_vertical=&#8220;0px&#8220; box_shadow_spread=&#8220;1px&#8220; box_shadow_color=&#8220;rgba(0,0,0,0.34)&#8220; box_shadow_color__hover_enabled=&#8220;on&#8220; box_shadow_color__hover=&#8220;#000000&#8243; border_width_all__hover=&#8220;30px&#8220; border_width_all__hover_enabled=&#8220;on&#8220;][\/et_pb_image][et_pb_text ul_position=&#8220;inside&#8220; _builder_version=&#8220;4.5.6&#8243; text_font=&#8220;||||||||&#8220; text_line_height=&#8220;0.6em&#8220; ul_font=&#8220;||||||||&#8220; header_font=&#8220;|700|||||||&#8220; header_font_size=&#8220;20px&#8220; header_line_height=&#8220;1.3em&#8220; header_3_font=&#8220;|700|||||||&#8220; header_3_font_size=&#8220;14px&#8220; header_3_line_height=&#8220;1.3em&#8220; text_orientation=&#8220;center&#8220; text_text_align=&#8220;center&#8220; locked=&#8220;off&#8220;]<\/p>\n<p style=\"text-align: left;\"><span style=\"color: #000000;\"><strong>\u201eglohed sommer 3\u201c<\/strong><\/span><\/p>\n<p style=\"text-align: right;\">Katalog-Nr. 26\/05<\/p>\n<p style=\"text-align: right;\">30\u00d740 \u2013 blandingsteknik<\/p>\n<p>[\/et_pb_text][\/et_pb_column][et_pb_column type=&#8220;1_3&#8243; _builder_version=&#8220;3.25&#8243; custom_padding=&#8220;|||&#8220; custom_padding__hover=&#8220;|||&#8220;][et_pb_image src=&#8220;http:\/\/kunstcalle.com\/wp-content\/uploads\/2020\/07\/2705-30x40Ohne-TitelAquqrell-fixiert-scaled-1.jpg&#8220; title_text=&#8220;27,05-30&#215;40,Ohne Titel,Aquqrell fixiert&#8220; show_in_lightbox=&#8220;on&#8220; align=&#8220;center&#8220; _builder_version=&#8220;4.5.6&#8243; border_width_all=&#8220;20px&#8220; border_color_all=&#8220;#ffffff&#8220; border_width_all_last_edited=&#8220;off|desktop&#8220; box_shadow_style=&#8220;preset4&#8243; box_shadow_horizontal=&#8220;0px&#8220; box_shadow_vertical=&#8220;0px&#8220; box_shadow_spread=&#8220;1px&#8220; box_shadow_color=&#8220;rgba(0,0,0,0.34)&#8220; box_shadow_color__hover=&#8220;#000000&#8243; box_shadow_color__hover_enabled=&#8220;on&#8220; border_width_all__hover=&#8220;30px&#8220; border_width_all__hover_enabled=&#8220;on&#8220;][\/et_pb_image][et_pb_text ul_position=&#8220;inside&#8220; _builder_version=&#8220;4.5.6&#8243; text_font=&#8220;||||||||&#8220; text_line_height=&#8220;0.6em&#8220; ul_font=&#8220;||||||||&#8220; header_font=&#8220;|700|||||||&#8220; header_font_size=&#8220;20px&#8220; header_line_height=&#8220;1.3em&#8220; header_3_font=&#8220;|700|||||||&#8220; header_3_font_size=&#8220;14px&#8220; header_3_line_height=&#8220;1.3em&#8220; text_orientation=&#8220;center&#8220; text_text_align=&#8220;center&#8220; locked=&#8220;off&#8220;]<\/p>\n<p style=\"text-align: left;\"><span style=\"color: #000000;\"><strong>uden titel<\/strong><\/span><\/p>\n<p style=\"text-align: right;\">Katalog-Nr. 27\/05<\/p>\n<p style=\"text-align: right;\">30\u00d740 \u2013 akvarel fikseret<\/p>\n<p>[\/et_pb_text][\/et_pb_column][\/et_pb_row][et_pb_row column_structure=&#8220;1_3,1_3,1_3&#8243; _builder_version=&#8220;3.25&#8243;][et_pb_column type=&#8220;1_3&#8243; _builder_version=&#8220;3.25&#8243; custom_padding=&#8220;|||&#8220; custom_padding__hover=&#8220;|||&#8220;][et_pb_image src=&#8220;http:\/\/kunstcalle.com\/wp-content\/uploads\/2020\/07\/2808-70x50Ju\u0308tlandAquarell-scaled-1.jpg&#8220; title_text=&#8220;28,08-70&#215;50,Ju\u0308tland,Aquarell&#8220; show_in_lightbox=&#8220;on&#8220; align=&#8220;center&#8220; _builder_version=&#8220;4.5.6&#8243; border_width_all=&#8220;20px&#8220; border_color_all=&#8220;#ffffff&#8220; border_width_all_last_edited=&#8220;off|desktop&#8220; box_shadow_style=&#8220;preset4&#8243; box_shadow_horizontal=&#8220;0px&#8220; box_shadow_vertical=&#8220;0px&#8220; box_shadow_spread=&#8220;1px&#8220; box_shadow_color=&#8220;rgba(0,0,0,0.34)&#8220; box_shadow_color__hover=&#8220;#000000&#8243; box_shadow_color__hover_enabled=&#8220;on&#8220; border_width_all__hover_enabled=&#8220;on&#8220; border_width_all__hover=&#8220;30px&#8220;][\/et_pb_image][et_pb_text ul_position=&#8220;inside&#8220; _builder_version=&#8220;4.5.6&#8243; text_font=&#8220;||||||||&#8220; text_line_height=&#8220;0.6em&#8220; ul_font=&#8220;||||||||&#8220; header_font=&#8220;|700|||||||&#8220; header_font_size=&#8220;20px&#8220; header_line_height=&#8220;1.3em&#8220; header_3_font=&#8220;|700|||||||&#8220; header_3_font_size=&#8220;14px&#8220; header_3_line_height=&#8220;1.3em&#8220; text_orientation=&#8220;center&#8220; text_text_align=&#8220;center&#8220; locked=&#8220;off&#8220;]<\/p>\n<p style=\"text-align: left;\"><span style=\"color: #000000;\"><strong>\u201eJylland\u201c<\/strong><\/span><\/p>\n<p style=\"text-align: right;\">Katalog-Nr. 28\/08<\/p>\n<p style=\"text-align: right;\">70\u00d750 \u2013 akvarel<\/p>\n<p>[\/et_pb_text][\/et_pb_column][et_pb_column type=&#8220;1_3&#8243; _builder_version=&#8220;3.25&#8243; custom_padding=&#8220;|||&#8220; custom_padding__hover=&#8220;|||&#8220;][et_pb_image src=&#8220;http:\/\/kunstcalle.com\/wp-content\/uploads\/2020\/07\/29-50x60Tauchen-Acryl-auf-Papier-scaled-1.jpg&#8220; title_text=&#8220;29,-50&#215;60,Tauchen, Acryl auf Papier&#8220; show_in_lightbox=&#8220;on&#8220; align=&#8220;center&#8220; _builder_version=&#8220;4.5.6&#8243; border_width_all=&#8220;20px&#8220; border_color_all=&#8220;#ffffff&#8220; border_width_all_last_edited=&#8220;off|desktop&#8220; box_shadow_style=&#8220;preset4&#8243; box_shadow_horizontal=&#8220;0px&#8220; box_shadow_vertical=&#8220;0px&#8220; box_shadow_spread=&#8220;1px&#8220; box_shadow_color=&#8220;rgba(0,0,0,0.34)&#8220; box_shadow_color__hover_enabled=&#8220;on&#8220; box_shadow_color__hover=&#8220;#000000&#8243; border_width_all__hover=&#8220;30px&#8220; border_width_all__hover_enabled=&#8220;on&#8220;][\/et_pb_image][et_pb_text ul_position=&#8220;inside&#8220; _builder_version=&#8220;4.5.6&#8243; text_font=&#8220;||||||||&#8220; text_line_height=&#8220;0.6em&#8220; ul_font=&#8220;||||||||&#8220; header_font=&#8220;|700|||||||&#8220; header_font_size=&#8220;20px&#8220; header_line_height=&#8220;1.3em&#8220; header_3_font=&#8220;|700|||||||&#8220; header_3_font_size=&#8220;14px&#8220; header_3_line_height=&#8220;1.3em&#8220; text_orientation=&#8220;center&#8220; text_text_align=&#8220;center&#8220; locked=&#8220;off&#8220;]<\/p>\n<p style=\"text-align: left;\"><span style=\"color: #000000;\"><strong>\u201edykke\u201c<\/strong><\/span><\/p>\n<p><strong> <\/strong><\/p>\n<p><strong><em>-Solgt-<\/em><br \/> <\/strong><\/p>\n<p style=\"text-align: right;\">Katalog-Nr. 29\/09<\/p>\n<p style=\"text-align: right;\">50\u00d760 \u2013 akryl p\u00e5 papir<\/p>\n<p>[\/et_pb_text][\/et_pb_column][et_pb_column type=&#8220;1_3&#8243; _builder_version=&#8220;3.25&#8243; custom_padding=&#8220;|||&#8220; custom_padding__hover=&#8220;|||&#8220;][et_pb_image src=&#8220;http:\/\/kunstcalle.com\/wp-content\/uploads\/2020\/07\/3009-40x60Im-Wald-Aquarell-fixiert-scaled-1.jpg&#8220; title_text=&#8220;qrf&#8220; show_in_lightbox=&#8220;on&#8220; align=&#8220;center&#8220; _builder_version=&#8220;4.5.6&#8243; border_width_all=&#8220;20px&#8220; border_color_all=&#8220;#ffffff&#8220; border_width_all_last_edited=&#8220;off|desktop&#8220; box_shadow_style=&#8220;preset4&#8243; box_shadow_horizontal=&#8220;0px&#8220; box_shadow_vertical=&#8220;0px&#8220; box_shadow_spread=&#8220;1px&#8220; box_shadow_color=&#8220;rgba(0,0,0,0.34)&#8220; box_shadow_color__hover=&#8220;#000000&#8243; box_shadow_color__hover_enabled=&#8220;on&#8220; border_width_all__hover=&#8220;30px&#8220; border_width_all__hover_enabled=&#8220;on&#8220;][\/et_pb_image][et_pb_text ul_position=&#8220;inside&#8220; _builder_version=&#8220;4.5.6&#8243; text_font=&#8220;||||||||&#8220; text_line_height=&#8220;0.6em&#8220; ul_font=&#8220;||||||||&#8220; header_font=&#8220;|700|||||||&#8220; header_font_size=&#8220;20px&#8220; header_line_height=&#8220;1.3em&#8220; header_3_font=&#8220;|700|||||||&#8220; header_3_font_size=&#8220;14px&#8220; header_3_line_height=&#8220;1.3em&#8220; text_orientation=&#8220;center&#8220; text_text_align=&#8220;center&#8220; locked=&#8220;off&#8220;]<\/p>\n<p style=\"text-align: left;\"><span style=\"color: #000000;\"><strong>\u201ei skoven\u201c\u00a0<\/strong><\/span><\/p>\n<p style=\"text-align: left;\"><span style=\"color: #000000;\"><em>-Solgt-<\/em><\/span><\/p>\n<p style=\"text-align: right;\">Katalog-Nr. 30\/09<\/p>\n<p style=\"text-align: right;\">40\u00d760 \u2013 akvarel fikseret<\/p>\n<p>[\/et_pb_text][\/et_pb_column][\/et_pb_row][et_pb_row column_structure=&#8220;1_3,1_3,1_3&#8243; _builder_version=&#8220;3.25&#8243;][et_pb_column type=&#8220;1_3&#8243; _builder_version=&#8220;3.25&#8243; custom_padding=&#8220;|||&#8220; custom_padding__hover=&#8220;|||&#8220;][et_pb_image src=&#8220;http:\/\/kunstcalle.com\/wp-content\/uploads\/2020\/07\/3110-60x40NordlichtMischtechnik-scaled-1.jpg&#8220; title_text=&#8220;qrf&#8220; show_in_lightbox=&#8220;on&#8220; align=&#8220;center&#8220; _builder_version=&#8220;4.5.6&#8243; border_width_all=&#8220;20px&#8220; border_color_all=&#8220;#ffffff&#8220; border_width_all_last_edited=&#8220;off|desktop&#8220; box_shadow_style=&#8220;preset4&#8243; box_shadow_horizontal=&#8220;0px&#8220; box_shadow_vertical=&#8220;0px&#8220; box_shadow_spread=&#8220;1px&#8220; box_shadow_color=&#8220;rgba(0,0,0,0.34)&#8220; box_shadow_color__hover=&#8220;#000000&#8243; box_shadow_color__hover_enabled=&#8220;on&#8220; border_width_all__hover_enabled=&#8220;on&#8220; border_width_all__hover=&#8220;30px&#8220;][\/et_pb_image][et_pb_text ul_position=&#8220;inside&#8220; _builder_version=&#8220;4.5.6&#8243; text_font=&#8220;||||||||&#8220; text_line_height=&#8220;0.6em&#8220; ul_font=&#8220;||||||||&#8220; header_font=&#8220;|700|||||||&#8220; header_font_size=&#8220;20px&#8220; header_line_height=&#8220;1.3em&#8220; header_3_font=&#8220;|700|||||||&#8220; header_3_font_size=&#8220;14px&#8220; header_3_line_height=&#8220;1.3em&#8220; text_orientation=&#8220;center&#8220; text_text_align=&#8220;center&#8220; locked=&#8220;off&#8220;]<\/p>\n<p style=\"text-align: left;\"><span style=\"color: #000000;\"><strong>\u201enordlys\u201c<\/strong><\/span><\/p>\n<p style=\"text-align: right;\">Katalog-Nr. 31\/10<\/p>\n<p style=\"text-align: right;\">60\u00d740 \u2013 blandingsteknik<\/p>\n<p>[\/et_pb_text][\/et_pb_column][et_pb_column type=&#8220;1_3&#8243; _builder_version=&#8220;3.25&#8243; custom_padding=&#8220;|||&#8220; custom_padding__hover=&#8220;|||&#8220;][et_pb_image src=&#8220;http:\/\/kunstcalle.com\/wp-content\/uploads\/2021\/02\/3292-Winter-in-den-Bergen-Acryl-auf-Papier-38&#215;56-1.jpg&#8220; title_text=&#8220;32,92- Winter in den Bergen- Acryl auf Papier, 38&#215;56&#8243; show_in_lightbox=&#8220;on&#8220; align=&#8220;center&#8220; _builder_version=&#8220;4.5.6&#8243; border_width_all=&#8220;20px&#8220; border_color_all=&#8220;#ffffff&#8220; border_width_all_last_edited=&#8220;off|desktop&#8220; box_shadow_style=&#8220;preset4&#8243; box_shadow_horizontal=&#8220;0px&#8220; box_shadow_vertical=&#8220;0px&#8220; box_shadow_spread=&#8220;1px&#8220; box_shadow_color=&#8220;rgba(0,0,0,0.34)&#8220; box_shadow_color__hover=&#8220;#000000&#8243; box_shadow_color__hover_enabled=&#8220;on&#8220; border_width_all__hover_enabled=&#8220;on&#8220; border_width_all__hover=&#8220;30px&#8220;][\/et_pb_image][et_pb_text ul_position=&#8220;inside&#8220; _builder_version=&#8220;4.5.6&#8243; text_font=&#8220;||||||||&#8220; text_line_height=&#8220;0.6em&#8220; ul_font=&#8220;||||||||&#8220; header_font=&#8220;|700|||||||&#8220; header_font_size=&#8220;20px&#8220; header_line_height=&#8220;1.3em&#8220; header_3_font=&#8220;|700|||||||&#8220; header_3_font_size=&#8220;14px&#8220; header_3_line_height=&#8220;1.3em&#8220; text_orientation=&#8220;center&#8220; text_text_align=&#8220;center&#8220; locked=&#8220;off&#8220;]<\/p>\n<p style=\"text-align: left;\"><span style=\"color: #000000;\"><strong>\"vinter i bjergene\"<\/strong><\/span><\/p>\n<p style=\"text-align: right;\">Katalog-Nr. 32\/92<\/p>\n<p style=\"text-align: right;\">38x56 \u2013 acryl p\u00e5 papir<\/p>\n<p>[\/et_pb_text][\/et_pb_column][et_pb_column type=&#8220;1_3&#8243; _builder_version=&#8220;3.25&#8243; custom_padding=&#8220;|||&#8220; custom_padding__hover=&#8220;|||&#8220;][et_pb_image src=&#8220;http:\/\/kunstcalle.com\/wp-content\/uploads\/2021\/02\/3306-Verga\u0308nglichkeit-Acryl-auf-Pappe-20&#215;30-1.jpg&#8220; title_text=&#8220;33,06- Verga\u0308nglichkeit- Acryl auf Pappe, 20&#215;30&#8243; show_in_lightbox=&#8220;on&#8220; align=&#8220;center&#8220; _builder_version=&#8220;4.5.6&#8243; border_width_all=&#8220;20px&#8220; border_color_all=&#8220;#ffffff&#8220; border_width_all_last_edited=&#8220;off|desktop&#8220; box_shadow_style=&#8220;preset4&#8243; box_shadow_horizontal=&#8220;0px&#8220; box_shadow_vertical=&#8220;0px&#8220; box_shadow_spread=&#8220;1px&#8220; box_shadow_color=&#8220;rgba(0,0,0,0.34)&#8220; box_shadow_color__hover=&#8220;#000000&#8243; box_shadow_color__hover_enabled=&#8220;on&#8220; border_width_all__hover_enabled=&#8220;on&#8220; border_width_all__hover=&#8220;30px&#8220;][\/et_pb_image][et_pb_text ul_position=&#8220;inside&#8220; _builder_version=&#8220;4.5.6&#8243; text_font=&#8220;||||||||&#8220; text_line_height=&#8220;0.6em&#8220; ul_font=&#8220;||||||||&#8220; header_font=&#8220;|700|||||||&#8220; header_font_size=&#8220;20px&#8220; header_line_height=&#8220;1.3em&#8220; header_3_font=&#8220;|700|||||||&#8220; header_3_font_size=&#8220;14px&#8220; header_3_line_height=&#8220;1.3em&#8220; text_orientation=&#8220;center&#8220; text_text_align=&#8220;center&#8220; locked=&#8220;off&#8220;]<\/p>\n<p style=\"text-align: left;\"><span style=\"color: #000000;\"><strong>\"forg\u00e6ngelighed\"<\/strong><\/span><\/p>\n<p style=\"text-align: right;\">Katalog-Nr. 33\/06<\/p>\n<p style=\"text-align: right;\">20x30 - acryl p\u00e5 pap<\/p>\n<p>[\/et_pb_text][\/et_pb_column][\/et_pb_row][et_pb_row column_structure=&#8220;1_3,1_3,1_3&#8243; _builder_version=&#8220;3.25&#8243;][et_pb_column type=&#8220;1_3&#8243; _builder_version=&#8220;3.25&#8243; custom_padding=&#8220;|||&#8220; custom_padding__hover=&#8220;|||&#8220;][et_pb_image src=&#8220;http:\/\/kunstcalle.com\/wp-content\/uploads\/2021\/02\/3604-Dahlienfeuer-Aquarell-auf-Papier-40&#215;30-1.jpg&#8220; title_text=&#8220;36,04- Dahlienfeuer- Aquarell auf Papier, 40&#215;30&#8243; show_in_lightbox=&#8220;on&#8220; align=&#8220;center&#8220; _builder_version=&#8220;4.5.6&#8243; border_width_all=&#8220;20px&#8220; border_color_all=&#8220;#ffffff&#8220; border_width_all_last_edited=&#8220;off|desktop&#8220; box_shadow_style=&#8220;preset4&#8243; box_shadow_horizontal=&#8220;0px&#8220; box_shadow_vertical=&#8220;0px&#8220; box_shadow_spread=&#8220;1px&#8220; box_shadow_color=&#8220;rgba(0,0,0,0.34)&#8220; box_shadow_color__hover=&#8220;#000000&#8243; box_shadow_color__hover_enabled=&#8220;on&#8220; border_width_all__hover_enabled=&#8220;on&#8220; border_width_all__hover=&#8220;30px&#8220;][\/et_pb_image][et_pb_text ul_position=&#8220;inside&#8220; _builder_version=&#8220;4.5.6&#8243; text_font=&#8220;||||||||&#8220; text_line_height=&#8220;0.6em&#8220; ul_font=&#8220;||||||||&#8220; header_font=&#8220;|700|||||||&#8220; header_font_size=&#8220;20px&#8220; header_line_height=&#8220;1.3em&#8220; header_3_font=&#8220;|700|||||||&#8220; header_3_font_size=&#8220;14px&#8220; header_3_line_height=&#8220;1.3em&#8220; text_orientation=&#8220;center&#8220; text_text_align=&#8220;center&#8220; locked=&#8220;off&#8220;]<\/p>\n<p style=\"text-align: left;\"><span style=\"color: #000000;\"><strong>\"dahliaild\"<\/strong><\/span><\/p>\n<p style=\"text-align: right;\">Katalog-Nr. 36\/04<\/p>\n<p style=\"text-align: right;\">40x30 - akvarel p\u00e5 papir<\/p>\n<p>[\/et_pb_text][\/et_pb_column][et_pb_column type=&#8220;1_3&#8243; _builder_version=&#8220;3.25&#8243; custom_padding=&#8220;|||&#8220; custom_padding__hover=&#8220;|||&#8220;][et_pb_image src=&#8220;http:\/\/kunstcalle.com\/wp-content\/uploads\/2021\/02\/5307-Land-aus-Eis-Acryl-auf-Leinwandpappe-40&#215;50-1.jpg&#8220; title_text=&#8220;53,07- Land aus Eis- Acryl auf Leinwandpappe, 40&#215;50&#8243; show_in_lightbox=&#8220;on&#8220; align=&#8220;center&#8220; _builder_version=&#8220;4.5.6&#8243; border_width_all=&#8220;20px&#8220; border_color_all=&#8220;#ffffff&#8220; border_width_all_last_edited=&#8220;off|desktop&#8220; box_shadow_style=&#8220;preset4&#8243; box_shadow_horizontal=&#8220;0px&#8220; box_shadow_vertical=&#8220;0px&#8220; box_shadow_spread=&#8220;1px&#8220; box_shadow_color=&#8220;rgba(0,0,0,0.34)&#8220; box_shadow_color__hover=&#8220;#000000&#8243; box_shadow_color__hover_enabled=&#8220;on&#8220; border_width_all__hover_enabled=&#8220;on&#8220; border_width_all__hover=&#8220;30px&#8220;][\/et_pb_image][et_pb_text ul_position=&#8220;inside&#8220; _builder_version=&#8220;4.5.6&#8243; text_font=&#8220;||||||||&#8220; text_line_height=&#8220;0.6em&#8220; ul_font=&#8220;||||||||&#8220; header_font=&#8220;|700|||||||&#8220; header_font_size=&#8220;20px&#8220; header_line_height=&#8220;1.3em&#8220; header_3_font=&#8220;|700|||||||&#8220; header_3_font_size=&#8220;14px&#8220; header_3_line_height=&#8220;1.3em&#8220; text_orientation=&#8220;center&#8220; text_text_align=&#8220;center&#8220; locked=&#8220;off&#8220;]<\/p>\n<p style=\"text-align: left;\"><span style=\"color: #000000;\"><strong>&#8222;<span>\"vinters\u00f8vn\"<\/span>&#8222;<\/strong><\/span><\/p>\n<p style=\"text-align: right;\">Katalog-Nr. 53\/07<\/p>\n<p style=\"text-align: right;\">40\u00d750 \u2013 akryl p\u00e5 l\u00e6rredspap<\/p>\n<p>[\/et_pb_text][\/et_pb_column][et_pb_column type=&#8220;1_3&#8243; _builder_version=&#8220;3.25&#8243; custom_padding=&#8220;|||&#8220; custom_padding__hover=&#8220;|||&#8220;][et_pb_image src=&#8220;http:\/\/kunstcalle.com\/wp-content\/uploads\/2021\/02\/5404-Rotka\u0308ppchens-WAld-Acryl-auf-Leinwandpappe-30&#215;40-1.jpg&#8220; title_text=&#8220;54,04- Rotka\u0308ppchens WAld- Acryl auf Leinwandpappe, 30&#215;40&#8243; show_in_lightbox=&#8220;on&#8220; align=&#8220;center&#8220; _builder_version=&#8220;4.5.6&#8243; border_width_all=&#8220;20px&#8220; border_color_all=&#8220;#ffffff&#8220; border_width_all_last_edited=&#8220;off|desktop&#8220; box_shadow_style=&#8220;preset4&#8243; box_shadow_horizontal=&#8220;0px&#8220; box_shadow_vertical=&#8220;0px&#8220; box_shadow_spread=&#8220;1px&#8220; box_shadow_color=&#8220;rgba(0,0,0,0.34)&#8220; box_shadow_color__hover=&#8220;#000000&#8243; box_shadow_color__hover_enabled=&#8220;on&#8220; border_width_all__hover_enabled=&#8220;on&#8220; border_width_all__hover=&#8220;30px&#8220;][\/et_pb_image][et_pb_text ul_position=&#8220;inside&#8220; _builder_version=&#8220;4.5.6&#8243; text_font=&#8220;||||||||&#8220; text_line_height=&#8220;0.6em&#8220; ul_font=&#8220;||||||||&#8220; header_font=&#8220;|700|||||||&#8220; header_font_size=&#8220;20px&#8220; header_line_height=&#8220;1.3em&#8220; header_3_font=&#8220;|700|||||||&#8220; header_3_font_size=&#8220;14px&#8220; header_3_line_height=&#8220;1.3em&#8220; text_orientation=&#8220;center&#8220; text_text_align=&#8220;center&#8220; locked=&#8220;off&#8220;]<\/p>\n<p style=\"text-align: left;\"><span style=\"color: #000000;\"><strong>\"r\u00f8dh\u00e6tteskoven\"<br \/><\/strong><\/span><\/p>\n<p style=\"text-align: left;\"><span style=\"color: #000000;\"><em>-Solgt-<\/em><\/span><\/p>\n<p style=\"text-align: right;\">Katalog-Nr. 54\/04<\/p>\n<p style=\"text-align: right;\">30\u00d740 \u2013 akryl p\u00e5 l\u00e6rredspap<\/p>\n<p>[\/et_pb_text][\/et_pb_column][\/et_pb_row][et_pb_row column_structure=&#8220;1_3,1_3,1_3&#8243; _builder_version=&#8220;3.25&#8243;][et_pb_column type=&#8220;1_3&#8243; _builder_version=&#8220;3.25&#8243; custom_padding=&#8220;|||&#8220; custom_padding__hover=&#8220;|||&#8220;][et_pb_image src=&#8220;http:\/\/kunstcalle.com\/wp-content\/uploads\/2021\/02\/5505-Schlu\u0308sselblume-Acryl-auf-Leinwandpappe-30&#215;40-1.jpg&#8220; title_text=&#8220;55,05- Schlu\u0308sselblume- Acryl auf Leinwandpappe, 30&#215;40&#8243; show_in_lightbox=&#8220;on&#8220; align=&#8220;center&#8220; _builder_version=&#8220;4.5.6&#8243; border_width_all=&#8220;20px&#8220; border_color_all=&#8220;#ffffff&#8220; border_width_all_last_edited=&#8220;off|desktop&#8220; box_shadow_style=&#8220;preset4&#8243; box_shadow_horizontal=&#8220;0px&#8220; box_shadow_vertical=&#8220;0px&#8220; box_shadow_spread=&#8220;1px&#8220; box_shadow_color=&#8220;rgba(0,0,0,0.34)&#8220; box_shadow_color__hover=&#8220;#000000&#8243; box_shadow_color__hover_enabled=&#8220;on&#8220; border_width_all__hover_enabled=&#8220;on&#8220; border_width_all__hover=&#8220;30px&#8220;][\/et_pb_image][et_pb_text ul_position=&#8220;inside&#8220; _builder_version=&#8220;4.5.6&#8243; text_font=&#8220;||||||||&#8220; text_line_height=&#8220;0.6em&#8220; ul_font=&#8220;||||||||&#8220; header_font=&#8220;|700|||||||&#8220; header_font_size=&#8220;20px&#8220; header_line_height=&#8220;1.3em&#8220; header_3_font=&#8220;|700|||||||&#8220; header_3_font_size=&#8220;14px&#8220; header_3_line_height=&#8220;1.3em&#8220; text_orientation=&#8220;center&#8220; text_text_align=&#8220;center&#8220; locked=&#8220;off&#8220;]<\/p>\n<p style=\"text-align: left;\"><span style=\"color: #000000;\"><strong>\"primula\"<\/strong><\/span><\/p>\n<p style=\"text-align: right;\">Katalog-Nr. 55\/05<\/p>\n<p style=\"text-align: right;\">30\u00d740 \u2013 akryl p\u00e5 l\u00e6rredspap<\/p>\n<p>[\/et_pb_text][\/et_pb_column][et_pb_column type=&#8220;1_3&#8243; _builder_version=&#8220;3.25&#8243; custom_padding=&#8220;|||&#8220; custom_padding__hover=&#8220;|||&#8220;][et_pb_image src=&#8220;http:\/\/kunstcalle.com\/wp-content\/uploads\/2021\/02\/5800-Der-Fjord-Acryl-auf-Leinwandpappe-50&#215;40-1.jpg&#8220; title_text=&#8220;58,00- Der Fjord- Acryl auf Leinwandpappe, 50&#215;40&#8243; show_in_lightbox=&#8220;on&#8220; align=&#8220;center&#8220; _builder_version=&#8220;4.5.6&#8243; border_width_all=&#8220;20px&#8220; border_color_all=&#8220;#ffffff&#8220; border_width_all_last_edited=&#8220;off|desktop&#8220; box_shadow_style=&#8220;preset4&#8243; box_shadow_horizontal=&#8220;0px&#8220; box_shadow_vertical=&#8220;0px&#8220; box_shadow_spread=&#8220;1px&#8220; box_shadow_color=&#8220;rgba(0,0,0,0.34)&#8220; box_shadow_color__hover=&#8220;#000000&#8243; box_shadow_color__hover_enabled=&#8220;on&#8220; border_width_all__hover_enabled=&#8220;on&#8220; border_width_all__hover=&#8220;30px&#8220;][\/et_pb_image][et_pb_text ul_position=&#8220;inside&#8220; _builder_version=&#8220;4.5.6&#8243; text_font=&#8220;||||||||&#8220; text_line_height=&#8220;0.6em&#8220; ul_font=&#8220;||||||||&#8220; header_font=&#8220;|700|||||||&#8220; header_font_size=&#8220;20px&#8220; header_line_height=&#8220;1.3em&#8220; header_3_font=&#8220;|700|||||||&#8220; header_3_font_size=&#8220;14px&#8220; header_3_line_height=&#8220;1.3em&#8220; text_orientation=&#8220;center&#8220; text_text_align=&#8220;center&#8220; locked=&#8220;off&#8220;]<\/p>\n<p style=\"text-align: left;\"><span style=\"color: #000000;\"><strong>&#8222;<span>\"nat over fjorden\"<\/span>&#8222;<\/strong><\/span><\/p>\n<p style=\"text-align: right;\">Katalog-Nr. 58\/00<\/p>\n<p style=\"text-align: right;\">50x40 - acryl p\u00e5 l\u00e6rredspap<\/p>\n<p>[\/et_pb_text][\/et_pb_column][et_pb_column type=&#8220;1_3&#8243; _builder_version=&#8220;3.25&#8243; custom_padding=&#8220;|||&#8220; custom_padding__hover=&#8220;|||&#8220;][et_pb_image src=&#8220;http:\/\/kunstcalle.com\/wp-content\/uploads\/2021\/02\/6800-Herbst-Acryl-auf-Leinwandpappe-40&#215;40-1.jpg&#8220; title_text=&#8220;68,00- Herbst- Acryl auf Leinwandpappe, 40&#215;40&#8243; show_in_lightbox=&#8220;on&#8220; align=&#8220;center&#8220; _builder_version=&#8220;4.5.6&#8243; border_width_all=&#8220;20px&#8220; border_color_all=&#8220;#ffffff&#8220; border_width_all_last_edited=&#8220;off|desktop&#8220; box_shadow_style=&#8220;preset4&#8243; box_shadow_horizontal=&#8220;0px&#8220; box_shadow_vertical=&#8220;0px&#8220; box_shadow_spread=&#8220;1px&#8220; box_shadow_color=&#8220;rgba(0,0,0,0.34)&#8220; box_shadow_color__hover=&#8220;#000000&#8243; box_shadow_color__hover_enabled=&#8220;on&#8220; border_width_all__hover_enabled=&#8220;on&#8220; border_width_all__hover=&#8220;30px&#8220;][\/et_pb_image][et_pb_text ul_position=&#8220;inside&#8220; _builder_version=&#8220;4.5.6&#8243; text_font=&#8220;||||||||&#8220; text_line_height=&#8220;0.6em&#8220; ul_font=&#8220;||||||||&#8220; header_font=&#8220;|700|||||||&#8220; header_font_size=&#8220;20px&#8220; header_line_height=&#8220;1.3em&#8220; header_3_font=&#8220;|700|||||||&#8220; header_3_font_size=&#8220;14px&#8220; header_3_line_height=&#8220;1.3em&#8220; text_orientation=&#8220;center&#8220; text_text_align=&#8220;center&#8220; locked=&#8220;off&#8220;]<\/p>\n<p style=\"text-align: left;\"><span style=\"color: #000000;\"><strong>\"for\u00e5r\"<\/strong><\/span><\/p>\n<p style=\"text-align: right;\">Katalog-Nr. 67\/00<\/p>\n<p style=\"text-align: right;\">40\u00d750 \u2013 akryl p\u00e5 l\u00e6rredspap<\/p>\n<p>[\/et_pb_text][\/et_pb_column][\/et_pb_row][et_pb_row column_structure=&#8220;1_3,1_3,1_3&#8243; _builder_version=&#8220;3.25&#8243;][et_pb_column type=&#8220;1_3&#8243; _builder_version=&#8220;3.25&#8243; custom_padding=&#8220;|||&#8220; custom_padding__hover=&#8220;|||&#8220;][et_pb_image src=&#8220;http:\/\/kunstcalle.com\/wp-content\/uploads\/2021\/02\/7300-Weiter-Weg-Acryl-auf-Leinwand-55&#215;65-1.jpg&#8220; title_text=&#8220;73,00- Weiter Weg- Acryl auf Leinwand, 55&#215;65&#8243; show_in_lightbox=&#8220;on&#8220; align=&#8220;center&#8220; _builder_version=&#8220;4.5.6&#8243; border_width_all=&#8220;20px&#8220; border_color_all=&#8220;#ffffff&#8220; border_width_all_last_edited=&#8220;off|desktop&#8220; box_shadow_style=&#8220;preset4&#8243; box_shadow_horizontal=&#8220;0px&#8220; box_shadow_vertical=&#8220;0px&#8220; box_shadow_spread=&#8220;1px&#8220; box_shadow_color=&#8220;rgba(0,0,0,0.34)&#8220; box_shadow_color__hover=&#8220;#000000&#8243; box_shadow_color__hover_enabled=&#8220;on&#8220; border_width_all__hover_enabled=&#8220;on&#8220; border_width_all__hover=&#8220;30px&#8220;][\/et_pb_image][et_pb_text ul_position=&#8220;inside&#8220; _builder_version=&#8220;4.5.6&#8243; text_font=&#8220;||||||||&#8220; text_line_height=&#8220;0.6em&#8220; ul_font=&#8220;||||||||&#8220; header_font=&#8220;|700|||||||&#8220; header_font_size=&#8220;20px&#8220; header_line_height=&#8220;1.3em&#8220; header_3_font=&#8220;|700|||||||&#8220; header_3_font_size=&#8220;14px&#8220; header_3_line_height=&#8220;1.3em&#8220; text_orientation=&#8220;center&#8220; text_text_align=&#8220;center&#8220; locked=&#8220;off&#8220;]<\/p>\n<p style=\"text-align: left;\"><span style=\"color: #000000;\"><strong>\"lang vej\"<\/strong><\/span><\/p>\n<p style=\"text-align: right;\">Katalog-Nr. 73\/00<\/p>\n<p style=\"text-align: right;\">55\u00d765 \u2013 acryl p\u00e5 l\u00e6rredspap<\/p>\n<p>[\/et_pb_text][\/et_pb_column][et_pb_column type=&#8220;1_3&#8243; _builder_version=&#8220;3.25&#8243; custom_padding=&#8220;|||&#8220; custom_padding__hover=&#8220;|||&#8220;][et_pb_image src=&#8220;http:\/\/kunstcalle.com\/wp-content\/uploads\/2021\/02\/7500-Licht-Acryl-auf-Leinwand-60&#215;84-1.jpg&#8220; title_text=&#8220;75,00- Licht- Acryl auf Leinwand, 60&#215;84&#8243; show_in_lightbox=&#8220;on&#8220; align=&#8220;center&#8220; _builder_version=&#8220;4.5.6&#8243; border_width_all=&#8220;20px&#8220; border_color_all=&#8220;#ffffff&#8220; border_width_all_last_edited=&#8220;off|desktop&#8220; box_shadow_style=&#8220;preset4&#8243; box_shadow_horizontal=&#8220;0px&#8220; box_shadow_vertical=&#8220;0px&#8220; box_shadow_spread=&#8220;1px&#8220; box_shadow_color=&#8220;rgba(0,0,0,0.34)&#8220; box_shadow_color__hover=&#8220;#000000&#8243; box_shadow_color__hover_enabled=&#8220;on&#8220; border_width_all__hover_enabled=&#8220;on&#8220; border_width_all__hover=&#8220;30px&#8220;][\/et_pb_image][et_pb_text ul_position=&#8220;inside&#8220; _builder_version=&#8220;4.5.6&#8243; text_font=&#8220;||||||||&#8220; text_line_height=&#8220;0.6em&#8220; ul_font=&#8220;||||||||&#8220; header_font=&#8220;|700|||||||&#8220; header_font_size=&#8220;20px&#8220; header_line_height=&#8220;1.3em&#8220; header_3_font=&#8220;|700|||||||&#8220; header_3_font_size=&#8220;14px&#8220; header_3_line_height=&#8220;1.3em&#8220; text_orientation=&#8220;center&#8220; text_text_align=&#8220;center&#8220; locked=&#8220;off&#8220;]<\/p>\n<p style=\"text-align: left;\"><span style=\"color: #000000;\"><strong>\"lys\"<\/strong><\/span><\/p>\n<p style=\"text-align: right;\">Katalog-Nr. 75\/00<\/p>\n<p style=\"text-align: right;\">60\u00d784 \u2013 acryl p\u00e5 l\u00e6rredspap<\/p>\n<p>[\/et_pb_text][\/et_pb_column][et_pb_column type=&#8220;1_3&#8243; _builder_version=&#8220;3.25&#8243; custom_padding=&#8220;|||&#8220; custom_padding__hover=&#8220;|||&#8220;][et_pb_image src=&#8220;http:\/\/kunstcalle.com\/wp-content\/uploads\/2021\/02\/7800-Vater-und-Mutter-O\u0308l-auf-Leinwand-90&#215;100-1.jpg&#8220; title_text=&#8220;78,00- Vater und Mutter- O\u0308l auf Leinwand, 90&#215;100&#8243; show_in_lightbox=&#8220;on&#8220; align=&#8220;center&#8220; _builder_version=&#8220;4.5.6&#8243; border_width_all=&#8220;20px&#8220; border_color_all=&#8220;#ffffff&#8220; border_width_all_last_edited=&#8220;off|desktop&#8220; box_shadow_style=&#8220;preset4&#8243; box_shadow_horizontal=&#8220;0px&#8220; box_shadow_vertical=&#8220;0px&#8220; box_shadow_spread=&#8220;1px&#8220; box_shadow_color=&#8220;rgba(0,0,0,0.34)&#8220; box_shadow_color__hover=&#8220;#000000&#8243; box_shadow_color__hover_enabled=&#8220;on&#8220; border_width_all__hover_enabled=&#8220;on&#8220; border_width_all__hover=&#8220;30px&#8220;][\/et_pb_image][et_pb_text ul_position=&#8220;inside&#8220; _builder_version=&#8220;4.5.6&#8243; text_font=&#8220;||||||||&#8220; text_line_height=&#8220;0.6em&#8220; ul_font=&#8220;||||||||&#8220; header_font=&#8220;|700|||||||&#8220; header_font_size=&#8220;20px&#8220; header_line_height=&#8220;1.3em&#8220; header_3_font=&#8220;|700|||||||&#8220; header_3_font_size=&#8220;14px&#8220; header_3_line_height=&#8220;1.3em&#8220; text_orientation=&#8220;center&#8220; text_text_align=&#8220;center&#8220; locked=&#8220;off&#8220;]<\/p>\n<p style=\"text-align: left;\"><span style=\"color: #000000;\"><strong>\"far og mor\"<\/strong><\/span><\/p>\n<p style=\"text-align: right;\">Katalog-Nr. 78\/00<\/p>\n<p style=\"text-align: right;\">90\u00d7100 \u2013 olie p\u00e5 l\u00e6rred<\/p>\n<p>[\/et_pb_text][\/et_pb_column][\/et_pb_row][et_pb_row column_structure=&#8220;1_3,1_3,1_3&#8243; _builder_version=&#8220;3.25&#8243;][et_pb_column type=&#8220;1_3&#8243; _builder_version=&#8220;3.25&#8243; custom_padding=&#8220;|||&#8220; custom_padding__hover=&#8220;|||&#8220;][et_pb_image src=&#8220;http:\/\/kunstcalle.com\/wp-content\/uploads\/2021\/02\/7994-Sternblumen-Acryl-auf-Leinwand-65&#215;80-1.jpg&#8220; title_text=&#8220;79,94- Sternblumen- Acryl auf Leinwand, 65&#215;80&#8243; show_in_lightbox=&#8220;on&#8220; align=&#8220;center&#8220; _builder_version=&#8220;4.5.6&#8243; border_width_all=&#8220;20px&#8220; border_color_all=&#8220;#ffffff&#8220; border_width_all_last_edited=&#8220;off|desktop&#8220; box_shadow_style=&#8220;preset4&#8243; box_shadow_horizontal=&#8220;0px&#8220; box_shadow_vertical=&#8220;0px&#8220; box_shadow_spread=&#8220;1px&#8220; box_shadow_color=&#8220;rgba(0,0,0,0.34)&#8220; box_shadow_color__hover=&#8220;#000000&#8243; box_shadow_color__hover_enabled=&#8220;on&#8220; border_width_all__hover_enabled=&#8220;on&#8220; border_width_all__hover=&#8220;30px&#8220;][\/et_pb_image][et_pb_text ul_position=&#8220;inside&#8220; _builder_version=&#8220;4.5.6&#8243; text_font=&#8220;||||||||&#8220; text_line_height=&#8220;0.6em&#8220; ul_font=&#8220;||||||||&#8220; header_font=&#8220;|700|||||||&#8220; header_font_size=&#8220;20px&#8220; header_line_height=&#8220;1.3em&#8220; header_3_font=&#8220;|700|||||||&#8220; header_3_font_size=&#8220;14px&#8220; header_3_line_height=&#8220;1.3em&#8220; text_orientation=&#8220;center&#8220; text_text_align=&#8220;center&#8220; locked=&#8220;off&#8220;]<\/p>\n<p style=\"text-align: left;\"><span style=\"color: #000000;\"><strong>\"stjerneblomster\"<\/strong><\/span><\/p>\n<p style=\"text-align: right;\">Katalog-Nr. 79\/94<\/p>\n<p style=\"text-align: right;\">65\u00d780 \u2013 acryl p\u00e5 l\u00e6rred<\/p>\n<p>[\/et_pb_text][\/et_pb_column][et_pb_column type=&#8220;1_3&#8243; _builder_version=&#8220;3.25&#8243; custom_padding=&#8220;|||&#8220; custom_padding__hover=&#8220;|||&#8220;][\/et_pb_column][et_pb_column type=&#8220;1_3&#8243; _builder_version=&#8220;3.25&#8243; custom_padding=&#8220;|||&#8220; custom_padding__hover=&#8220;|||&#8220;][\/et_pb_column][\/et_pb_row][\/et_pb_section][et_pb_section fb_built=&#8220;1&#8243; admin_label=&#8220;Exhibitions&#8220; _builder_version=&#8220;4.5.6&#8243; background_enable_image=&#8220;off&#8220; background_size=&#8220;initial&#8220; background_repeat=&#8220;repeat&#8220;][et_pb_row custom_padding_last_edited=&#8220;off|phone&#8220; _builder_version=&#8220;3.25&#8243; background_position=&#8220;bottom_center&#8220; custom_padding_tablet=&#8220;17vw||17vw||false&#8220; use_custom_width=&#8220;on&#8220; width_unit=&#8220;off&#8220; custom_width_percent=&#8220;100%&#8220; locked=&#8220;off&#8220;][et_pb_column type=&#8220;4_4&#8243; _builder_version=&#8220;3.25&#8243; custom_padding=&#8220;|||&#8220; custom_padding__hover=&#8220;|||&#8220;][et_pb_text module_id=&#8220;3&#8243; module_class=&#8220;3&#8243; _builder_version=&#8220;4.5.6&#8243; text_font=&#8220;||||||||&#8220; header_font=&#8220;||||||||&#8220; header_2_font=&#8220;Prata|500|||||||&#8220; header_2_font_size=&#8220;40px&#8220; header_2_line_height=&#8220;1.3em&#8220; header_3_font=&#8220;|700||on|||||&#8220; header_3_text_color=&#8220;rgba(0,0,0,0.35)&#8220; header_3_font_size=&#8220;12px&#8220; header_3_letter_spacing=&#8220;5px&#8220; header_3_line_height=&#8220;2em&#8220; transform_translate_linked=&#8220;off&#8220; text_orientation=&#8220;center&#8220; max_width=&#8220;700px&#8220; max_width_tablet=&#8220;70%&#8220; max_width_last_edited=&#8220;off|phone&#8220; module_alignment=&#8220;center&#8220; header_2_font_size_tablet=&#8220;40px&#8220; header_2_font_size_phone=&#8220;26px&#8220; header_2_font_size_last_edited=&#8220;on|phone&#8220; header_3_font_size_phone=&#8220;10px&#8220; header_3_font_size_last_edited=&#8220;off|desktop&#8220; module_alignment_last_edited=&#8220;off|desktop&#8220; text_text_align=&#8220;center&#8220;]<\/p>\n<h3>HAR DU INTERESSE?<\/h3>\n<h2>Kontakt os<\/h2>\n<p>[\/et_pb_text][\/et_pb_column][\/et_pb_row][et_pb_row column_structure=&#8220;1_2,1_2&#8243; _builder_version=&#8220;3.25&#8243; max_width=&#8220;1280px&#8220;][et_pb_column type=&#8220;1_2&#8243; _builder_version=&#8220;3.25&#8243; custom_padding=&#8220;|||&#8220; custom_padding__hover=&#8220;|||&#8220;][et_pb_image src=&#8220;http:\/\/kunstcalle.com\/wp-content\/uploads\/2020\/08\/cm.jpg&#8220; title_text=&#8220;cm&#8220; _builder_version=&#8220;4.5.6&#8243; background_image=&#8220;https:\/\/www.wearelive.de\/wp-content\/uploads\/2020\/07\/art-gallery-56.png&#8220; background_size=&#8220;initial&#8220; background_position=&#8220;bottom_left&#8220; max_width=&#8220;800px&#8220; max_width_tablet=&#8220;560px&#8220; max_width_phone=&#8220;&#8220; max_width_last_edited=&#8220;on|tablet&#8220; module_alignment=&#8220;right&#8220; custom_margin=&#8220;||&#8220; custom_padding=&#8220;||40px|78px||&#8220; custom_padding_tablet=&#8220;40px|30px|0px|0px&#8220; custom_padding_phone=&#8220;&#8220; custom_padding_last_edited=&#8220;on|tablet&#8220; background_last_edited=&#8220;on|desktop&#8220; background_position_tablet=&#8220;top_right&#8220; box_shadow_style=&#8220;preset3&#8243; box_shadow_vertical=&#8220;20px&#8220; box_shadow_blur=&#8220;80px&#8220; box_shadow_spread=&#8220;0px&#8220; box_shadow_color=&#8220;rgba(67,58,122,0.2)&#8220;][\/et_pb_image][\/et_pb_column][et_pb_column type=&#8220;1_2&#8243; _builder_version=&#8220;4.5.6&#8243; _module_preset=&#8220;default&#8220;][et_pb_text _builder_version=&#8220;4.5.6&#8243; _module_preset=&#8220;default&#8220;]<\/p>\n<p>Send os bare dine kontaktoplysninger via formularen og vi vil kontakte dig.<\/p>\n<p>[\/et_pb_text][et_pb_contact_form email=&#8220;detlev.rose@kreativis.de&#8220; custom_message=&#8220;Vorname: %%Vorname%%||et_pb_line_break_holder||Nachname: %%Nachname%%||et_pb_line_break_holder||Telefon: %%Telefon%%||et_pb_line_break_holder||Email: %%Email%%&#8220; success_message=&#8220;Vielen Dank f\u00fcr Ihre Anfrage. Wir melden uns zeitnah bei Ihnen zur\u00fcck. &#8220; submit_button_text=&#8220;Absenden&#8220; _builder_version=&#8220;4.5.6&#8243; _module_preset=&#8220;default&#8220;][et_pb_contact_field field_id=&#8220;Vorname&#8220; field_title=&#8220;Vorname&#8220; _builder_version=&#8220;4.5.6&#8243; button_text_size__hover_enabled=&#8220;off&#8220; button_one_text_size__hover_enabled=&#8220;off&#8220; button_two_text_size__hover_enabled=&#8220;off&#8220; button_text_color__hover_enabled=&#8220;off&#8220; button_one_text_color__hover_enabled=&#8220;off&#8220; button_two_text_color__hover_enabled=&#8220;off&#8220; button_border_width__hover_enabled=&#8220;off&#8220; button_one_border_width__hover_enabled=&#8220;off&#8220; button_two_border_width__hover_enabled=&#8220;off&#8220; button_border_color__hover_enabled=&#8220;off&#8220; button_one_border_color__hover_enabled=&#8220;off&#8220; button_two_border_color__hover_enabled=&#8220;off&#8220; button_border_radius__hover_enabled=&#8220;off&#8220; button_one_border_radius__hover_enabled=&#8220;off&#8220; button_two_border_radius__hover_enabled=&#8220;off&#8220; button_letter_spacing__hover_enabled=&#8220;off&#8220; button_one_letter_spacing__hover_enabled=&#8220;off&#8220; button_two_letter_spacing__hover_enabled=&#8220;off&#8220; button_bg_color__hover_enabled=&#8220;off&#8220; button_one_bg_color__hover_enabled=&#8220;off&#8220; button_two_bg_color__hover_enabled=&#8220;off&#8220;][\/et_pb_contact_field][et_pb_contact_field field_id=&#8220;Nachname&#8220; field_title=&#8220;Nachname&#8220; _builder_version=&#8220;4.5.6&#8243; button_text_size__hover_enabled=&#8220;off&#8220; button_one_text_size__hover_enabled=&#8220;off&#8220; button_two_text_size__hover_enabled=&#8220;off&#8220; button_text_color__hover_enabled=&#8220;off&#8220; button_one_text_color__hover_enabled=&#8220;off&#8220; button_two_text_color__hover_enabled=&#8220;off&#8220; button_border_width__hover_enabled=&#8220;off&#8220; button_one_border_width__hover_enabled=&#8220;off&#8220; button_two_border_width__hover_enabled=&#8220;off&#8220; button_border_color__hover_enabled=&#8220;off&#8220; button_one_border_color__hover_enabled=&#8220;off&#8220; button_two_border_color__hover_enabled=&#8220;off&#8220; button_border_radius__hover_enabled=&#8220;off&#8220; button_one_border_radius__hover_enabled=&#8220;off&#8220; button_two_border_radius__hover_enabled=&#8220;off&#8220; button_letter_spacing__hover_enabled=&#8220;off&#8220; button_one_letter_spacing__hover_enabled=&#8220;off&#8220; button_two_letter_spacing__hover_enabled=&#8220;off&#8220; button_bg_color__hover_enabled=&#8220;off&#8220; button_one_bg_color__hover_enabled=&#8220;off&#8220; button_two_bg_color__hover_enabled=&#8220;off&#8220;][\/et_pb_contact_field][et_pb_contact_field field_id=&#8220;Telefon&#8220; field_title=&#8220;Telefonnumer&#8220; _builder_version=&#8220;4.5.6&#8243; button_text_size__hover_enabled=&#8220;off&#8220; button_one_text_size__hover_enabled=&#8220;off&#8220; button_two_text_size__hover_enabled=&#8220;off&#8220; button_text_color__hover_enabled=&#8220;off&#8220; button_one_text_color__hover_enabled=&#8220;off&#8220; button_two_text_color__hover_enabled=&#8220;off&#8220; button_border_width__hover_enabled=&#8220;off&#8220; button_one_border_width__hover_enabled=&#8220;off&#8220; button_two_border_width__hover_enabled=&#8220;off&#8220; button_border_color__hover_enabled=&#8220;off&#8220; button_one_border_color__hover_enabled=&#8220;off&#8220; button_two_border_color__hover_enabled=&#8220;off&#8220; button_border_radius__hover_enabled=&#8220;off&#8220; button_one_border_radius__hover_enabled=&#8220;off&#8220; button_two_border_radius__hover_enabled=&#8220;off&#8220; button_letter_spacing__hover_enabled=&#8220;off&#8220; button_one_letter_spacing__hover_enabled=&#8220;off&#8220; button_two_letter_spacing__hover_enabled=&#8220;off&#8220; button_bg_color__hover_enabled=&#8220;off&#8220; button_one_bg_color__hover_enabled=&#8220;off&#8220; button_two_bg_color__hover_enabled=&#8220;off&#8220;][\/et_pb_contact_field][et_pb_contact_field field_id=&#8220;Email&#8220; field_title=&#8220;E-Mail-Adresse&#8220; field_type=&#8220;email&#8220; _builder_version=&#8220;4.5.6&#8243; button_text_size__hover_enabled=&#8220;off&#8220; button_one_text_size__hover_enabled=&#8220;off&#8220; button_two_text_size__hover_enabled=&#8220;off&#8220; button_text_color__hover_enabled=&#8220;off&#8220; button_one_text_color__hover_enabled=&#8220;off&#8220; button_two_text_color__hover_enabled=&#8220;off&#8220; button_border_width__hover_enabled=&#8220;off&#8220; button_one_border_width__hover_enabled=&#8220;off&#8220; button_two_border_width__hover_enabled=&#8220;off&#8220; button_border_color__hover_enabled=&#8220;off&#8220; button_one_border_color__hover_enabled=&#8220;off&#8220; button_two_border_color__hover_enabled=&#8220;off&#8220; button_border_radius__hover_enabled=&#8220;off&#8220; button_one_border_radius__hover_enabled=&#8220;off&#8220; button_two_border_radius__hover_enabled=&#8220;off&#8220; button_letter_spacing__hover_enabled=&#8220;off&#8220; button_one_letter_spacing__hover_enabled=&#8220;off&#8220; button_two_letter_spacing__hover_enabled=&#8220;off&#8220; button_bg_color__hover_enabled=&#8220;off&#8220; button_one_bg_color__hover_enabled=&#8220;off&#8220; button_two_bg_color__hover_enabled=&#8220;off&#8220;][\/et_pb_contact_field][\/et_pb_contact_form][\/et_pb_column][\/et_pb_row][et_pb_row column_structure=&#8220;2_5,3_5&#8243; use_custom_gutter=&#8220;on&#8220; gutter_width=&#8220;1&#8243; make_equal=&#8220;on&#8220; custom_padding_last_edited=&#8220;off|phone&#8220; _builder_version=&#8220;3.25&#8243; background_size=&#8220;initial&#8220; background_position=&#8220;top_right&#8220; max_width=&#8220;1280px&#8220; custom_margin=&#8220;||&#8220; custom_margin_tablet=&#8220;0px||&#8220; custom_margin_last_edited=&#8220;off|phone&#8220; custom_padding=&#8220;|||&#8220; custom_padding_tablet=&#8220;||80px|0px&#8220;][et_pb_column type=&#8220;2_5&#8243; _builder_version=&#8220;3.25&#8243; custom_padding=&#8220;|||&#8220; custom_padding_tablet=&#8220;0vw||&#8220; custom_padding_last_edited=&#8220;off|phone&#8220; custom_padding__hover=&#8220;|||&#8220;][\/et_pb_column][et_pb_column type=&#8220;3_5&#8243; _builder_version=&#8220;3.25&#8243; background_size=&#8220;initial&#8220; background_position=&#8220;top_right&#8220; custom_padding=&#8220;|||&#8220; custom_padding__hover=&#8220;|||&#8220;][et_pb_image src=&#8220;https:\/\/www.wearelive.de\/wp-content\/uploads\/2020\/07\/art-gallery-32.jpg&#8220; _builder_version=&#8220;3.24&#8243; background_image=&#8220;https:\/\/www.wearelive.de\/wp-content\/uploads\/2020\/07\/art-gallery-57.png&#8220; background_size=&#8220;initial&#8220; background_position=&#8220;top_right&#8220; max_width=&#8220;560px&#8220; module_alignment=&#8220;right&#8220; custom_margin=&#8220;||30px&#8220; custom_padding=&#8220;40px|40px||&#8220; custom_padding_tablet=&#8220;|30px||&#8220; custom_padding_phone=&#8220;&#8220; custom_padding_last_edited=&#8220;on|desktop&#8220; box_shadow_style=&#8220;preset3&#8243; box_shadow_vertical=&#8220;20px&#8220; box_shadow_blur=&#8220;80px&#8220; box_shadow_spread=&#8220;0px&#8220; box_shadow_color=&#8220;rgba(67,58,122,0.2)&#8220;][\/et_pb_image][\/et_pb_column][\/et_pb_row][\/et_pb_section]<\/p>","protected":false},"excerpt":{"rendered":"<p>[et_pb_section fb_built=&#8220;1&#8243; custom_padding_last_edited=&#8220;off|desktop&#8220; admin_label=&#8220;Header&#8220; _builder_version=&#8220;4.5.6&#8243; use_background_color_gradient=&#8220;on&#8220; background_color_gradient_start=&#8220;#ffffff&#8220; background_color_gradient_end=&#8220;#e9e7e8&#8243; background_color_gradient_direction=&#8220;90deg&#8220; background_color_gradient_start_position=&#8220;50%&#8220; background_color_gradient_end_position=&#8220;50%&#8220; background_image=&#8220;http:\/\/kunstcalle.com\/wp-content\/uploads\/2020\/07\/art-gallery-60-1.png&#8220; parallax=&#8220;on&#8220; width=&#8220;100%&#8220; max_width=&#8220;100%&#8220; max_width_tablet=&#8220;&#8220; max_width_phone=&#8220;&#8220; max_width_last_edited=&#8220;on|desktop&#8220; custom_padding=&#8220;12vw||12vw||true|&#8220; custom_padding_tablet=&#8220;5vw||5vw||true&#8220; background_last_edited=&#8220;on|phone&#8220; use_background_color_gradient_tablet=&#8220;on&#8220; use_background_color_gradient_phone=&#8220;on&#8220; background_color_gradient_start_tablet=&#8220;#efefef&#8220; background_color_gradient_start_position_tablet=&#8220;73%&#8220; background_color_gradient_start_position_phone=&#8220;100%&#8220; background_position_tablet=&#8220;top_left&#8220; locked=&#8220;off&#8220;][et_pb_row _builder_version=&#8220;4.5.6&#8243; use_custom_width=&#8220;on&#8220; width_unit=&#8220;off&#8220; custom_width_percent=&#8220;100%&#8220; locked=&#8220;off&#8220;][et_pb_column type=&#8220;4_4&#8243; _builder_version=&#8220;3.25&#8243; custom_padding=&#8220;|||&#8220; custom_padding__hover=&#8220;|||&#8220;][et_pb_text _builder_version=&#8220;4.5.6&#8243; text_font=&#8220;||||||||&#8220; header_font=&#8220;Prata||||||||&#8220; header_text_align=&#8220;center&#8220; header_text_color=&#8220;#333333&#8243; header_font_size=&#8220;150px&#8220; header_2_font=&#8220;|700||on|||||&#8220; header_2_text_align=&#8220;left&#8220; header_2_text_color=&#8220;rgba(0,0,0,0.28)&#8220; header_2_font_size=&#8220;14px&#8220; header_2_letter_spacing=&#8220;5px&#8220; header_2_line_height=&#8220;2em&#8220; transform_translate_linked=&#8220;off&#8220; max_width=&#8220;100%&#8220; max_width_tablet=&#8220;70%&#8220; max_width_last_edited=&#8220;off|phone&#8220; header_font_size_tablet=&#8220;80px&#8220; header_font_size_phone=&#8220;50px&#8220; [&hellip;]<\/p>","protected":false},"author":1,"featured_media":0,"parent":0,"menu_order":0,"comment_status":"closed","ping_status":"closed","template":"","meta":{"_et_pb_use_builder":"on","_et_pb_old_content":"","_et_gb_content_width":""},"_links":{"self":[{"href":"http:\/\/kunstcalle.com\/dk\/wp-json\/wp\/v2\/pages\/902"}],"collection":[{"href":"http:\/\/kunstcalle.com\/dk\/wp-json\/wp\/v2\/pages"}],"about":[{"href":"http:\/\/kunstcalle.com\/dk\/wp-json\/wp\/v2\/types\/page"}],"author":[{"embeddable":true,"href":"http:\/\/kunstcalle.com\/dk\/wp-json\/wp\/v2\/users\/1"}],"replies":[{"embeddable":true,"href":"http:\/\/kunstcalle.com\/dk\/wp-json\/wp\/v2\/comments?post=902"}],"version-history":[{"count":180,"href":"http:\/\/kunstcalle.com\/dk\/wp-json\/wp\/v2\/pages\/902\/revisions"}],"predecessor-version":[{"id":1396,"href":"http:\/\/kunstcalle.com\/dk\/wp-json\/wp\/v2\/pages\/902\/revisions\/1396"}],"wp:attachment":[{"href":"http:\/\/kunstcalle.com\/dk\/wp-json\/wp\/v2\/media?parent=902"}],"curies":[{"name":"wp","href":"https:\/\/api.w.org\/{rel}","templated":true}]}}